{"id":2,"date":"2023-01-17T22:18:59","date_gmt":"2023-01-17T21:18:59","guid":{"rendered":"https:\/\/twierdza.gliwice.zhp.pl\/?page_id=2"},"modified":"2025-09-18T20:19:17","modified_gmt":"2025-09-18T18:19:17","slug":"aktualnosci","status":"publish","type":"page","link":"https:\/\/twierdza.gliwice.zhp.pl\/index.php\/aktualnosci\/","title":{"rendered":"Aktualno\u015bci"},"content":{"rendered":"\t\t<div data-elementor-type=\"wp-page\" data-elementor-id=\"2\" class=\"elementor elementor-2\">\n\t\t\t\t<div class=\"elementor-element elementor-element-dcd198f e-con-full e-flex e-con e-parent\" data-id=\"dcd198f\" data-element_type=\"container\">\n\t\t\t\t<\/div>\n\t\t<div class=\"elementor-element elementor-element-23dbd6b e-con-full elementor-hidden-mobile e-flex e-con e-parent\" data-id=\"23dbd6b\" data-element_type=\"container\" data-settings=\"{&quot;background_background&quot;:&quot;classic&quot;}\">\n\t\t<div class=\"elementor-element elementor-element-872d9ad e-con-full e-flex e-con e-child\" data-id=\"872d9ad\" data-element_type=\"container\">\n\t\t\t\t<div class=\"elementor-element elementor-element-c5bce4c elementor-widget elementor-widget-image\" data-id=\"c5bce4c\" data-element_type=\"widget\" data-widget_type=\"image.default\">\n\t\t\t\t<div class=\"elementor-widget-container\">\n\t\t\t\t\t\t\t\t\t\t\t\t\t\t\t\t<a href=\"https:\/\/twierdza.gliwice.zhp.pl\/\">\n\t\t\t\t\t\t\t<img fetchpriority=\"high\" decoding=\"async\" width=\"800\" height=\"234\" src=\"https:\/\/twierdza.gliwice.zhp.pl\/wp-content\/uploads\/2023\/11\/logo-twierdza-white-1024x299.png\" class=\"attachment-large size-large wp-image-508\" alt=\"\" srcset=\"https:\/\/twierdza.gliwice.zhp.pl\/wp-content\/uploads\/2023\/11\/logo-twierdza-white-1024x299.png 1024w, https:\/\/twierdza.gliwice.zhp.pl\/wp-content\/uploads\/2023\/11\/logo-twierdza-white-300x88.png 300w, https:\/\/twierdza.gliwice.zhp.pl\/wp-content\/uploads\/2023\/11\/logo-twierdza-white-768x225.png 768w, https:\/\/twierdza.gliwice.zhp.pl\/wp-content\/uploads\/2023\/11\/logo-twierdza-white-1536x449.png 1536w, https:\/\/twierdza.gliwice.zhp.pl\/wp-content\/uploads\/2023\/11\/logo-twierdza-white-2048x599.png 2048w\" sizes=\"(max-width: 800px) 100vw, 800px\" \/>\t\t\t\t\t\t\t\t<\/a>\n\t\t\t\t\t\t\t\t\t\t\t\t\t\t\t<\/div>\n\t\t\t\t<\/div>\n\t\t\t\t<\/div>\n\t\t<div class=\"elementor-element elementor-element-d3d2d92 e-con-full e-flex e-con e-child\" data-id=\"d3d2d92\" data-element_type=\"container\">\n\t\t\t\t<\/div>\n\t\t\t\t<\/div>\n\t\t<div class=\"elementor-element elementor-element-112c80f e-con-full elementor-hidden-desktop elementor-hidden-tablet e-flex e-con e-parent\" data-id=\"112c80f\" data-element_type=\"container\" data-settings=\"{&quot;background_background&quot;:&quot;classic&quot;}\">\n\t\t<div class=\"elementor-element elementor-element-b12092b e-con-full e-flex e-con e-child\" data-id=\"b12092b\" data-element_type=\"container\">\n\t\t\t\t<div class=\"elementor-element elementor-element-8fd9785 elementor-widget elementor-widget-image\" data-id=\"8fd9785\" data-element_type=\"widget\" data-widget_type=\"image.default\">\n\t\t\t\t<div class=\"elementor-widget-container\">\n\t\t\t\t\t\t\t\t\t\t\t\t\t\t\t\t<a href=\"https:\/\/twierdza.gliwice.zhp.pl\/\">\n\t\t\t\t\t\t\t<img decoding=\"async\" width=\"1536\" height=\"449\" src=\"https:\/\/twierdza.gliwice.zhp.pl\/wp-content\/uploads\/2023\/11\/logo-twierdza-white-1536x449.png\" class=\"attachment-1536x1536 size-1536x1536 wp-image-508\" alt=\"\" srcset=\"https:\/\/twierdza.gliwice.zhp.pl\/wp-content\/uploads\/2023\/11\/logo-twierdza-white-1536x449.png 1536w, https:\/\/twierdza.gliwice.zhp.pl\/wp-content\/uploads\/2023\/11\/logo-twierdza-white-300x88.png 300w, https:\/\/twierdza.gliwice.zhp.pl\/wp-content\/uploads\/2023\/11\/logo-twierdza-white-1024x299.png 1024w, https:\/\/twierdza.gliwice.zhp.pl\/wp-content\/uploads\/2023\/11\/logo-twierdza-white-768x225.png 768w, https:\/\/twierdza.gliwice.zhp.pl\/wp-content\/uploads\/2023\/11\/logo-twierdza-white-2048x599.png 2048w\" sizes=\"(max-width: 1536px) 100vw, 1536px\" \/>\t\t\t\t\t\t\t\t<\/a>\n\t\t\t\t\t\t\t\t\t\t\t\t\t\t\t<\/div>\n\t\t\t\t<\/div>\n\t\t\t\t<\/div>\n\t\t\t\t<\/div>\n\t\t<div class=\"elementor-element elementor-element-dc64cd1 e-con-full elementor-hidden-mobile e-flex e-con e-parent\" data-id=\"dc64cd1\" data-element_type=\"container\" data-settings=\"{&quot;background_background&quot;:&quot;classic&quot;}\">\n\t\t\t\t<div class=\"elementor-element elementor-element-059b80b elementor-widget elementor-widget-button\" data-id=\"059b80b\" data-element_type=\"widget\" data-widget_type=\"button.default\">\n\t\t\t\t<div class=\"elementor-widget-container\">\n\t\t\t\t\t\t\t\t\t<div class=\"elementor-button-wrapper\">\n\t\t\t\t\t<a class=\"elementor-button elementor-button-link elementor-size-sm elementor-animation-grow\" href=\"https:\/\/twierdza.gliwice.zhp.pl\">\n\t\t\t\t\t\t<span class=\"elementor-button-content-wrapper\">\n\t\t\t\t\t\t\t\t\t<span class=\"elementor-button-text\">Zosta\u0144 harcerzem<\/span>\n\t\t\t\t\t<\/span>\n\t\t\t\t\t<\/a>\n\t\t\t\t<\/div>\n\t\t\t\t\t\t\t\t<\/div>\n\t\t\t\t<\/div>\n\t\t\t\t<div class=\"elementor-element elementor-element-87272d3 elementor-widget elementor-widget-button\" data-id=\"87272d3\" data-element_type=\"widget\" data-widget_type=\"button.default\">\n\t\t\t\t<div class=\"elementor-widget-container\">\n\t\t\t\t\t\t\t\t\t<div class=\"elementor-button-wrapper\">\n\t\t\t\t\t<a class=\"elementor-button elementor-button-link elementor-size-sm elementor-animation-grow\" href=\"https:\/\/twierdza.gliwice.zhp.pl\/index.php\/aktualnosci\/\">\n\t\t\t\t\t\t<span class=\"elementor-button-content-wrapper\">\n\t\t\t\t\t\t\t\t\t<span class=\"elementor-button-text\">Aktualno\u015bci<\/span>\n\t\t\t\t\t<\/span>\n\t\t\t\t\t<\/a>\n\t\t\t\t<\/div>\n\t\t\t\t\t\t\t\t<\/div>\n\t\t\t\t<\/div>\n\t\t\t\t<div class=\"elementor-element elementor-element-c961cbf elementor-widget elementor-widget-button\" data-id=\"c961cbf\" data-element_type=\"widget\" data-widget_type=\"button.default\">\n\t\t\t\t<div class=\"elementor-widget-container\">\n\t\t\t\t\t\t\t\t\t<div class=\"elementor-button-wrapper\">\n\t\t\t\t\t<a class=\"elementor-button elementor-button-link elementor-size-sm elementor-animation-grow\" href=\"https:\/\/twierdza.gliwice.zhp.pl\/index.php\/kontakt\/\">\n\t\t\t\t\t\t<span class=\"elementor-button-content-wrapper\">\n\t\t\t\t\t\t\t\t\t<span class=\"elementor-button-text\">Kontakt<\/span>\n\t\t\t\t\t<\/span>\n\t\t\t\t\t<\/a>\n\t\t\t\t<\/div>\n\t\t\t\t\t\t\t\t<\/div>\n\t\t\t\t<\/div>\n\t\t\t\t<\/div>\n\t\t<div class=\"elementor-element elementor-element-c93ba83 e-flex e-con-boxed e-con e-parent\" data-id=\"c93ba83\" data-element_type=\"container\">\n\t\t\t\t\t<div class=\"e-con-inner\">\n\t\t<div class=\"elementor-element elementor-element-3d5e69b e-flex e-con-boxed e-con e-child\" data-id=\"3d5e69b\" data-element_type=\"container\">\n\t\t\t\t\t<div class=\"e-con-inner\">\n\t\t<div class=\"elementor-element elementor-element-7bf5327 e-con-full elementor-hidden-desktop elementor-hidden-tablet e-flex e-con e-child\" data-id=\"7bf5327\" data-element_type=\"container\" data-settings=\"{&quot;background_background&quot;:&quot;classic&quot;}\">\n\t\t\t\t<div class=\"elementor-element elementor-element-8e2d0d1 elementor-widget-mobile__width-initial elementor-widget elementor-widget-heading\" data-id=\"8e2d0d1\" data-element_type=\"widget\" data-widget_type=\"heading.default\">\n\t\t\t\t<div class=\"elementor-widget-container\">\n\t\t\t\t\t<h6 class=\"elementor-heading-title elementor-size-default\"><a href=\"https:\/\/twierdza.gliwice.zhp.pl\/index.php\/aktualnosci\/\">Aktualno\u015bci<\/a><\/h6>\t\t\t\t<\/div>\n\t\t\t\t<\/div>\n\t\t\t\t<div class=\"elementor-element elementor-element-21ddc9a elementor-widget-mobile__width-initial elementor-widget elementor-widget-heading\" data-id=\"21ddc9a\" data-element_type=\"widget\" data-widget_type=\"heading.default\">\n\t\t\t\t<div class=\"elementor-widget-container\">\n\t\t\t\t\t<h6 class=\"elementor-heading-title elementor-size-default\"><a href=\"https:\/\/twierdza.gliwice.zhp.pl\/\">Zosta\u0144 harcerzem<\/a><\/h6>\t\t\t\t<\/div>\n\t\t\t\t<\/div>\n\t\t\t\t<div class=\"elementor-element elementor-element-b3b44fa elementor-widget-mobile__width-initial elementor-widget elementor-widget-heading\" data-id=\"b3b44fa\" data-element_type=\"widget\" data-widget_type=\"heading.default\">\n\t\t\t\t<div class=\"elementor-widget-container\">\n\t\t\t\t\t<h6 class=\"elementor-heading-title elementor-size-default\"><a href=\"https:\/\/twierdza.gliwice.zhp.pl\/index.php\/kontakt\/\">Kontakt<\/a><\/h6>\t\t\t\t<\/div>\n\t\t\t\t<\/div>\n\t\t\t\t<\/div>\n\t\t\t\t\t<\/div>\n\t\t\t\t<\/div>\n\t\t\t\t\t<\/div>\n\t\t\t\t<\/div>\n\t\t<div class=\"elementor-element elementor-element-486f7fd e-flex e-con-boxed e-con e-parent\" data-id=\"486f7fd\" data-element_type=\"container\">\n\t\t\t\t\t<div class=\"e-con-inner\">\n\t\t\t\t<div class=\"elementor-element elementor-element-7168934 premium-blog-align-left elementor-widget elementor-widget-premium-addon-blog\" data-id=\"7168934\" data-element_type=\"widget\" data-settings=\"{&quot;premium_blog_grid&quot;:&quot;yes&quot;,&quot;premium_blog_layout&quot;:&quot;even&quot;,&quot;premium_blog_columns_number&quot;:&quot;50%&quot;,&quot;premium_blog_columns_number_tablet&quot;:&quot;50%&quot;,&quot;premium_blog_columns_number_mobile&quot;:&quot;100%&quot;,&quot;scroll_to_offset&quot;:&quot;yes&quot;}\" data-widget_type=\"premium-addon-blog.default\">\n\t\t\t\t<div class=\"elementor-widget-container\">\n\t\t\t\t\t\n\t\t\t\t<div class=\"premium-blog-wrap  premium-blog-even\" data-page=\"2\">\n\t\t\t\t\t<div class=\"premium-blog-post-outer-container\" data-total=\"1\">\r\n\t\t\t<div class=\"premium-blog-post-container premium-blog-skin-side\">\r\n\t\t\t\t\t\t\t\t\t\t\t\t<div class=\"premium-blog-content-wrapper empty-thumb\">\r\n\r\n\t\t\t\t\t<div class=\"premium-blog-inner-container\">\r\n\r\n\t\t\t\t\t\t\t\t\t\t\t\t\t\t<h2 class=\"premium-blog-entry-title\">\r\n\t\t\t<a href=\"https:\/\/twierdza.gliwice.zhp.pl\/index.php\/2025\/12\/14\/wigilia-2025\/\" target=\"_blank\">\r\n\t\t\t\tWigilia 2025\t\t\t<\/a>\r\n\t\t<\/h2>\r\n\t\t\t\t<div class=\"premium-blog-entry-meta\">\r\n\t\t\t\t\t\t\t<div class=\"premium-blog-post-author premium-blog-meta-data\">\r\n\t\t\t\t\t<i class=\"fa fa-user fa-fw\" aria-hidden=\"true\"><\/i>\r\n\t\t\t\t\t<a href=\"https:\/\/twierdza.gliwice.zhp.pl\/index.php\/author\/szczep_twierdza\/\" title=\"Wpisy od Szczep_Twierdza\" rel=\"author\">Szczep_Twierdza<\/a>\t\t\t\t<\/div>\r\n\t\t\t\r\n\t\t\t\t\t\t\t<span class=\"premium-blog-meta-separator\">\u2022<\/span>\r\n\t\t\t\t<div class=\"premium-blog-post-time premium-blog-meta-data\">\r\n\t\t\t\t\t<i class=\"fa fa-calendar-alt\" aria-hidden=\"true\"><\/i>\r\n\t\t\t\t\t<span>14.12.2025<\/span>\r\n\t\t\t\t<\/div>\r\n\t\t\t\r\n\t\t\t\r\n\t\t\t\t\t<\/div>\r\n\t\t\r\n\t\t\t\t\t<\/div>\r\n\r\n\t\t\t\t\t\t\t<div class=\"premium-blog-content-inner-wrapper\">\r\n\t\t<p class=\"premium-blog-post-content\">Czuwaj! W tym roku Wigilia Naszego szczepu odb\u0119dzie si\u0119 19.12 (pi\u0105tek) w godzinach 17:30-20.30 w Domu Parafialnym przy Ko\u015bciele NMPWW przy ulicy Korczoka 39 w Gliwicach-So\u015bnicy. \u00a0 Zach\u0119camy do przyniesienia ze sob\u0105 prezentu w kwocie do 30 z\u0142 lub r\u0119cznie stworzonego. Tradycyjnie b\u0119dziemy si\u0119 nimi wymienia\u0107. Warto pami\u0119ta\u0107, \u017ce prezent otrzymaj\u0105 tylko te osoby, kt\u00f3re [&hellip;]<\/p>\t\t<\/div>\r\n\t\t\t\t\t\t\t\r\n\t\t\t\t<\/div>\r\n\t\t\t<\/div>\r\n\t\t<\/div>\r\n\r\n\t\t\t\t<div class=\"premium-blog-post-outer-container\" data-total=\"1\">\r\n\t\t\t<div class=\"premium-blog-post-container premium-blog-skin-side\">\r\n\t\t\t\t\t\t\t\t\t\t\t\t<div class=\"premium-blog-content-wrapper empty-thumb\">\r\n\r\n\t\t\t\t\t<div class=\"premium-blog-inner-container\">\r\n\r\n\t\t\t\t\t\t\t\t\t\t\t\t\t\t<h2 class=\"premium-blog-entry-title\">\r\n\t\t\t<a href=\"https:\/\/twierdza.gliwice.zhp.pl\/index.php\/2025\/12\/02\/szlachetna-paczka\/\" target=\"_blank\">\r\n\t\t\t\tSzlachetna Paczka\t\t\t<\/a>\r\n\t\t<\/h2>\r\n\t\t\t\t<div class=\"premium-blog-entry-meta\">\r\n\t\t\t\t\t\t\t<div class=\"premium-blog-post-author premium-blog-meta-data\">\r\n\t\t\t\t\t<i class=\"fa fa-user fa-fw\" aria-hidden=\"true\"><\/i>\r\n\t\t\t\t\t<a href=\"https:\/\/twierdza.gliwice.zhp.pl\/index.php\/author\/szczep_twierdza\/\" title=\"Wpisy od Szczep_Twierdza\" rel=\"author\">Szczep_Twierdza<\/a>\t\t\t\t<\/div>\r\n\t\t\t\r\n\t\t\t\t\t\t\t<span class=\"premium-blog-meta-separator\">\u2022<\/span>\r\n\t\t\t\t<div class=\"premium-blog-post-time premium-blog-meta-data\">\r\n\t\t\t\t\t<i class=\"fa fa-calendar-alt\" aria-hidden=\"true\"><\/i>\r\n\t\t\t\t\t<span>02.12.2025<\/span>\r\n\t\t\t\t<\/div>\r\n\t\t\t\r\n\t\t\t\r\n\t\t\t\t\t<\/div>\r\n\t\t\r\n\t\t\t\t\t<\/div>\r\n\r\n\t\t\t\t\t\t\t<div class=\"premium-blog-content-inner-wrapper\">\r\n\t\t<p class=\"premium-blog-post-content\">Czuwaj! W tym roku chcieliby\u015bmy wsp\u00f3lnymi si\u0142ami kadry, harcerzy oraz rodzic\u00f3w naszego Szczepu przygotowa\u0107 Szlachetn\u0105 Paczk\u0119 dla pewnej rodziny. Jeste\u015bmy du\u017cym \u015brodowiskiem, wi\u0119c liczymy, \u017ce uda nam si\u0119 spe\u0142ni\u0107 jej wszystkie potrzeby. Pod tym linkiem mo\u017cna zg\u0142asza\u0107 si\u0119 do zakupienia konkretnych produkt\u00f3w: \u00a0 https:\/\/docs.google.com\/spreadsheets\/d\/1F1E0zgqebUG70QLkUnqR-o9q7vvhDyBzK2_tZkcggao\/edit?usp=sharing \u00a0 Przede wszystkim powinni\u015bmy spe\u0142ni\u0107 3 kluczowe potrzeby, a s\u0105 to: [&hellip;]<\/p>\t\t<\/div>\r\n\t\t\t\t\t\t\t\r\n\t\t\t\t<\/div>\r\n\t\t\t<\/div>\r\n\t\t<\/div>\r\n\r\n\t\t\t\t<div class=\"premium-blog-post-outer-container\" data-total=\"1\">\r\n\t\t\t<div class=\"premium-blog-post-container premium-blog-skin-side\">\r\n\t\t\t\t\t\t\t\t\t\t\t\t<div class=\"premium-blog-content-wrapper empty-thumb\">\r\n\r\n\t\t\t\t\t<div class=\"premium-blog-inner-container\">\r\n\r\n\t\t\t\t\t\t\t\t\t\t\t\t\t\t<h2 class=\"premium-blog-entry-title\">\r\n\t\t\t<a href=\"https:\/\/twierdza.gliwice.zhp.pl\/index.php\/2025\/10\/21\/pochod-11-listopada\/\" target=\"_blank\">\r\n\t\t\t\tPoch\u00f3d 11 listopada\t\t\t<\/a>\r\n\t\t<\/h2>\r\n\t\t\t\t<div class=\"premium-blog-entry-meta\">\r\n\t\t\t\t\t\t\t<div class=\"premium-blog-post-author premium-blog-meta-data\">\r\n\t\t\t\t\t<i class=\"fa fa-user fa-fw\" aria-hidden=\"true\"><\/i>\r\n\t\t\t\t\t<a href=\"https:\/\/twierdza.gliwice.zhp.pl\/index.php\/author\/szczep_twierdza\/\" title=\"Wpisy od Szczep_Twierdza\" rel=\"author\">Szczep_Twierdza<\/a>\t\t\t\t<\/div>\r\n\t\t\t\r\n\t\t\t\t\t\t\t<span class=\"premium-blog-meta-separator\">\u2022<\/span>\r\n\t\t\t\t<div class=\"premium-blog-post-time premium-blog-meta-data\">\r\n\t\t\t\t\t<i class=\"fa fa-calendar-alt\" aria-hidden=\"true\"><\/i>\r\n\t\t\t\t\t<span>21.10.2025<\/span>\r\n\t\t\t\t<\/div>\r\n\t\t\t\r\n\t\t\t\r\n\t\t\t\t\t<\/div>\r\n\t\t\r\n\t\t\t\t\t<\/div>\r\n\r\n\t\t\t\t\t\t\t<div class=\"premium-blog-content-inner-wrapper\">\r\n\t\t<p class=\"premium-blog-post-content\">11 listopada (wtorek) odbywa si\u0119 uroczysty Poch\u00f3d z okazji \u015awi\u0119ta Odzyskania Niepodleg\u0142o\u015bci. Zapraszamy wszystkie zuchy i harcerzy w regulaminowym umundurowaniu pod lokal Hufca Ziemi Gliwickiej, przy al. Przyja\u017ani 9 w Gliwicach. Wi\u0119cej informacji wkr\u00f3tce! \u00a0<\/p>\t\t<\/div>\r\n\t\t\t\t\t\t\t\r\n\t\t\t\t<\/div>\r\n\t\t\t<\/div>\r\n\t\t<\/div>\r\n\r\n\t\t\t\t<div class=\"premium-blog-post-outer-container\" data-total=\"1\">\r\n\t\t\t<div class=\"premium-blog-post-container premium-blog-skin-side\">\r\n\t\t\t\t\t\t\t\t\t\t\t\t<div class=\"premium-blog-content-wrapper empty-thumb\">\r\n\r\n\t\t\t\t\t<div class=\"premium-blog-inner-container\">\r\n\r\n\t\t\t\t\t\t\t\t\t\t\t\t\t\t<h2 class=\"premium-blog-entry-title\">\r\n\t\t\t<a href=\"https:\/\/twierdza.gliwice.zhp.pl\/index.php\/2025\/09\/18\/warty-honorowe\/\" target=\"_blank\">\r\n\t\t\t\tWarty honorowe 1.11\t\t\t<\/a>\r\n\t\t<\/h2>\r\n\t\t\t\t<div class=\"premium-blog-entry-meta\">\r\n\t\t\t\t\t\t\t<div class=\"premium-blog-post-author premium-blog-meta-data\">\r\n\t\t\t\t\t<i class=\"fa fa-user fa-fw\" aria-hidden=\"true\"><\/i>\r\n\t\t\t\t\t<a href=\"https:\/\/twierdza.gliwice.zhp.pl\/index.php\/author\/szczep_twierdza\/\" title=\"Wpisy od Szczep_Twierdza\" rel=\"author\">Szczep_Twierdza<\/a>\t\t\t\t<\/div>\r\n\t\t\t\r\n\t\t\t\t\t\t\t<span class=\"premium-blog-meta-separator\">\u2022<\/span>\r\n\t\t\t\t<div class=\"premium-blog-post-time premium-blog-meta-data\">\r\n\t\t\t\t\t<i class=\"fa fa-calendar-alt\" aria-hidden=\"true\"><\/i>\r\n\t\t\t\t\t<span>18.09.2025<\/span>\r\n\t\t\t\t<\/div>\r\n\t\t\t\r\n\t\t\t\r\n\t\t\t\t\t<\/div>\r\n\t\t\r\n\t\t\t\t\t<\/div>\r\n\r\n\t\t\t\t\t\t\t<div class=\"premium-blog-content-inner-wrapper\">\r\n\t\t<p class=\"premium-blog-post-content\">Wielkimi krokami zbli\u017ca si\u0119 1.11 &#8211; czyli \u015awi\u0119to Zmar\u0142ych. \u00a0 W tym roku b\u0119dziemy wartowa\u0107 nad grobami za\u0142o\u017cycieli Szczepu &#8222;Halny&#8221; z Gliwic &#8211; dh Emiliana Motyki (Cmentarz Lipowy) oraz dh Dariusza M\u0142otkowskiego (Cmentarz na W\u00f3jtowej Wsi). Opr\u00f3cz tego, w miar\u0119 mo\u017cliwo\u015bci, wystawiamy te\u017c warty na grobach innych gliwickich instruktor\u00f3w, r\u00f3wnie\u017c na Cmentarzu na W\u00f3jtowej Wsi [&hellip;]<\/p>\t\t<\/div>\r\n\t\t\t\t\t\t\t\r\n\t\t\t\t<\/div>\r\n\t\t\t<\/div>\r\n\t\t<\/div>\r\n\r\n\t\t\t\t<div class=\"premium-blog-post-outer-container\" data-total=\"1\">\r\n\t\t\t<div class=\"premium-blog-post-container premium-blog-skin-side\">\r\n\t\t\t\t\t\t\t\t\t\t\t\t<div class=\"premium-blog-content-wrapper empty-thumb\">\r\n\r\n\t\t\t\t\t<div class=\"premium-blog-inner-container\">\r\n\r\n\t\t\t\t\t\t\t\t\t\t\t\t\t\t<h2 class=\"premium-blog-entry-title\">\r\n\t\t\t<a href=\"https:\/\/twierdza.gliwice.zhp.pl\/index.php\/2025\/09\/17\/start-harcerski-szczepu\/\" target=\"_blank\">\r\n\t\t\t\tStart harcerski szczepu\t\t\t<\/a>\r\n\t\t<\/h2>\r\n\t\t\t\t<div class=\"premium-blog-entry-meta\">\r\n\t\t\t\t\t\t\t<div class=\"premium-blog-post-author premium-blog-meta-data\">\r\n\t\t\t\t\t<i class=\"fa fa-user fa-fw\" aria-hidden=\"true\"><\/i>\r\n\t\t\t\t\t<a href=\"https:\/\/twierdza.gliwice.zhp.pl\/index.php\/author\/szczep_twierdza\/\" title=\"Wpisy od Szczep_Twierdza\" rel=\"author\">Szczep_Twierdza<\/a>\t\t\t\t<\/div>\r\n\t\t\t\r\n\t\t\t\t\t\t\t<span class=\"premium-blog-meta-separator\">\u2022<\/span>\r\n\t\t\t\t<div class=\"premium-blog-post-time premium-blog-meta-data\">\r\n\t\t\t\t\t<i class=\"fa fa-calendar-alt\" aria-hidden=\"true\"><\/i>\r\n\t\t\t\t\t<span>17.09.2025<\/span>\r\n\t\t\t\t<\/div>\r\n\t\t\t\r\n\t\t\t\r\n\t\t\t\t\t<\/div>\r\n\t\t\r\n\t\t\t\t\t<\/div>\r\n\r\n\t\t\t\t\t\t\t<div class=\"premium-blog-content-inner-wrapper\">\r\n\t\t<p class=\"premium-blog-post-content\">W najbli\u017cszy pi\u0105tek 19 wrze\u015bnia spotkamy si\u0119 na Placu Pi\u0142sudskiego podczas &#8222;Startu Harcerskiego&#8221; organizowanego przez Hufiec ZHP Ziemi Gliwickiej. Zapraszamy wszystkich na gr\u0119 terenow\u0105, po kt\u00f3rej nast\u0105pi apel, a nast\u0119pnie wewn\u0119trzna uroczysto\u015b\u0107 szczepowa.<\/p>\t\t<\/div>\r\n\t\t\t\t\t\t\t\r\n\t\t\t\t<\/div>\r\n\t\t\t<\/div>\r\n\t\t<\/div>\r\n\r\n\t\t\t\t<\/div>\n\n\t\t\t\t\t\t<\/div>\n\t\t\t\t<\/div>\n\t\t\t\t\t<\/div>\n\t\t\t\t<\/div>\n\t\t<div class=\"elementor-element elementor-element-434f229 e-con-full e-flex e-con e-parent\" data-id=\"434f229\" data-element_type=\"container\" data-settings=\"{&quot;background_background&quot;:&quot;classic&quot;}\">\n\t\t\t\t<div class=\"elementor-element elementor-element-fe7abd2 elementor-widget elementor-widget-text-editor\" data-id=\"fe7abd2\" data-element_type=\"widget\" data-widget_type=\"text-editor.default\">\n\t\t\t\t<div class=\"elementor-widget-container\">\n\t\t\t\t\t\t\t\t\t<p>Gliwicki Szczep Twierdza &#8211; 2023 \u00a9 Wszelkie prawa zastrze\u017cone<\/p>\t\t\t\t\t\t\t\t<\/div>\n\t\t\t\t<\/div>\n\t\t\t\t<\/div>\n\t\t\t\t<\/div>\n\t\t","protected":false},"excerpt":{"rendered":"<p>Zosta\u0144 harcerzem Aktualno\u015bci Kontakt Aktualno\u015bci Zosta\u0144 harcerzem Kontakt Start harcerski szczepu Szczep_Twierdza \u2022 17.09.2025 Zosta\u0144 harcerzem Aktualno\u015bci Kontakt Aktualno\u015bci Zosta\u0144 harcerzem Kontakt Start Harcerski Szczepu W najbli\u017cszy pi\u0105tek 19 wrze\u015bnia spotkamy si\u0119 na Placu Mickiewicza podczas &#8222;Startu Harcerskiego&#8221; organizowanego przez Hufiec ZHP Ziemi Gliwickiej. Gliwicki Szczep Twierdza &#8211; 2023 \u00a9 Wszelkie prawa zastrze\u017cone<\/p>\n","protected":false},"author":1,"featured_media":1027,"parent":0,"menu_order":0,"comment_status":"closed","ping_status":"closed","template":"","meta":{"inline_featured_image":false,"footnotes":""},"class_list":["post-2","page","type-page","status-publish","has-post-thumbnail","hentry"],"yoast_head":"<!-- This site is optimized with the Yoast SEO plugin v25.9 - https:\/\/yoast.com\/wordpress\/plugins\/seo\/ -->\n<title>Aktualno\u015bci - Gliwicki Szczep Twierdza<\/title>\n<meta name=\"robots\" content=\"index, follow, max-snippet:-1, max-image-preview:large, max-video-preview:-1\" \/>\n<link rel=\"canonical\" href=\"https:\/\/twierdza.gliwice.zhp.pl\/index.php\/aktualnosci\/\" \/>\n<meta property=\"og:locale\" content=\"pl_PL\" \/>\n<meta property=\"og:type\" content=\"article\" \/>\n<meta property=\"og:title\" content=\"Aktualno\u015bci - Gliwicki Szczep Twierdza\" \/>\n<meta property=\"og:description\" content=\"Zosta\u0144 harcerzem Aktualno\u015bci Kontakt Aktualno\u015bci Zosta\u0144 harcerzem Kontakt Start harcerski szczepu Szczep_Twierdza \u2022 17.09.2025 Zosta\u0144 harcerzem Aktualno\u015bci Kontakt Aktualno\u015bci Zosta\u0144 harcerzem Kontakt Start Harcerski Szczepu W najbli\u017cszy pi\u0105tek 19 wrze\u015bnia spotkamy si\u0119 na Placu Mickiewicza podczas &#8222;Startu Harcerskiego&#8221; organizowanego przez Hufiec ZHP Ziemi Gliwickiej. Gliwicki Szczep Twierdza &#8211; 2023 \u00a9 Wszelkie prawa zastrze\u017cone\" \/>\n<meta property=\"og:url\" content=\"https:\/\/twierdza.gliwice.zhp.pl\/index.php\/aktualnosci\/\" \/>\n<meta property=\"og:site_name\" content=\"Gliwicki Szczep Twierdza\" \/>\n<meta property=\"article:modified_time\" content=\"2025-09-18T18:19:17+00:00\" \/>\n<meta property=\"og:image\" content=\"https:\/\/twierdza.gliwice.zhp.pl\/wp-content\/uploads\/2025\/09\/biale-tlo-lesne.png\" \/>\n\t<meta property=\"og:image:width\" content=\"1080\" \/>\n\t<meta property=\"og:image:height\" content=\"1080\" \/>\n\t<meta property=\"og:image:type\" content=\"image\/png\" \/>\n<meta name=\"twitter:card\" content=\"summary_large_image\" \/>\n<meta name=\"twitter:label1\" content=\"Szacowany czas czytania\" \/>\n\t<meta name=\"twitter:data1\" content=\"1 minuta\" \/>\n<script type=\"application\/ld+json\" class=\"yoast-schema-graph\">{\"@context\":\"https:\/\/schema.org\",\"@graph\":[{\"@type\":\"WebPage\",\"@id\":\"https:\/\/twierdza.gliwice.zhp.pl\/index.php\/aktualnosci\/\",\"url\":\"https:\/\/twierdza.gliwice.zhp.pl\/index.php\/aktualnosci\/\",\"name\":\"Aktualno\u015bci - Gliwicki Szczep Twierdza\",\"isPartOf\":{\"@id\":\"https:\/\/twierdza.gliwice.zhp.pl\/#website\"},\"primaryImageOfPage\":{\"@id\":\"https:\/\/twierdza.gliwice.zhp.pl\/index.php\/aktualnosci\/#primaryimage\"},\"image\":{\"@id\":\"https:\/\/twierdza.gliwice.zhp.pl\/index.php\/aktualnosci\/#primaryimage\"},\"thumbnailUrl\":\"https:\/\/twierdza.gliwice.zhp.pl\/wp-content\/uploads\/2025\/09\/biale-tlo-lesne.png\",\"datePublished\":\"2023-01-17T21:18:59+00:00\",\"dateModified\":\"2025-09-18T18:19:17+00:00\",\"breadcrumb\":{\"@id\":\"https:\/\/twierdza.gliwice.zhp.pl\/index.php\/aktualnosci\/#breadcrumb\"},\"inLanguage\":\"pl-PL\",\"potentialAction\":[{\"@type\":\"ReadAction\",\"target\":[\"https:\/\/twierdza.gliwice.zhp.pl\/index.php\/aktualnosci\/\"]}]},{\"@type\":\"ImageObject\",\"inLanguage\":\"pl-PL\",\"@id\":\"https:\/\/twierdza.gliwice.zhp.pl\/index.php\/aktualnosci\/#primaryimage\",\"url\":\"https:\/\/twierdza.gliwice.zhp.pl\/wp-content\/uploads\/2025\/09\/biale-tlo-lesne.png\",\"contentUrl\":\"https:\/\/twierdza.gliwice.zhp.pl\/wp-content\/uploads\/2025\/09\/biale-tlo-lesne.png\",\"width\":1080,\"height\":1080},{\"@type\":\"BreadcrumbList\",\"@id\":\"https:\/\/twierdza.gliwice.zhp.pl\/index.php\/aktualnosci\/#breadcrumb\",\"itemListElement\":[{\"@type\":\"ListItem\",\"position\":1,\"name\":\"Strona g\u0142\u00f3wna\",\"item\":\"https:\/\/twierdza.gliwice.zhp.pl\/\"},{\"@type\":\"ListItem\",\"position\":2,\"name\":\"Aktualno\u015bci\"}]},{\"@type\":\"WebSite\",\"@id\":\"https:\/\/twierdza.gliwice.zhp.pl\/#website\",\"url\":\"https:\/\/twierdza.gliwice.zhp.pl\/\",\"name\":\"Gliwicki Szczep Twierdza\",\"description\":\"Gliwicki Szczep Twierdza to jednostka dzia\u0142aj\u0105ca przy Hufcu ZHP Ziemi Gliwickiej, kt\u00f3ra zrzesza gromad\u0119 i dru\u017cyny z centrum Gliwic.\",\"publisher\":{\"@id\":\"https:\/\/twierdza.gliwice.zhp.pl\/#organization\"},\"potentialAction\":[{\"@type\":\"SearchAction\",\"target\":{\"@type\":\"EntryPoint\",\"urlTemplate\":\"https:\/\/twierdza.gliwice.zhp.pl\/?s={search_term_string}\"},\"query-input\":{\"@type\":\"PropertyValueSpecification\",\"valueRequired\":true,\"valueName\":\"search_term_string\"}}],\"inLanguage\":\"pl-PL\"},{\"@type\":\"Organization\",\"@id\":\"https:\/\/twierdza.gliwice.zhp.pl\/#organization\",\"name\":\"Gliwicki Szczep Twierdza\",\"url\":\"https:\/\/twierdza.gliwice.zhp.pl\/\",\"logo\":{\"@type\":\"ImageObject\",\"inLanguage\":\"pl-PL\",\"@id\":\"https:\/\/twierdza.gliwice.zhp.pl\/#\/schema\/logo\/image\/\",\"url\":\"https:\/\/twierdza.gliwice.zhp.pl\/wp-content\/uploads\/2023\/11\/logo-twierdza-white.png\",\"contentUrl\":\"https:\/\/twierdza.gliwice.zhp.pl\/wp-content\/uploads\/2023\/11\/logo-twierdza-white.png\",\"width\":7247,\"height\":2119,\"caption\":\"Gliwicki Szczep Twierdza\"},\"image\":{\"@id\":\"https:\/\/twierdza.gliwice.zhp.pl\/#\/schema\/logo\/image\/\"}}]}<\/script>\n<!-- \/ Yoast SEO plugin. -->","yoast_head_json":{"title":"Aktualno\u015bci - Gliwicki Szczep Twierdza","robots":{"index":"index","follow":"follow","max-snippet":"max-snippet:-1","max-image-preview":"max-image-preview:large","max-video-preview":"max-video-preview:-1"},"canonical":"https:\/\/twierdza.gliwice.zhp.pl\/index.php\/aktualnosci\/","og_locale":"pl_PL","og_type":"article","og_title":"Aktualno\u015bci - Gliwicki Szczep Twierdza","og_description":"Zosta\u0144 harcerzem Aktualno\u015bci Kontakt Aktualno\u015bci Zosta\u0144 harcerzem Kontakt Start harcerski szczepu Szczep_Twierdza \u2022 17.09.2025 Zosta\u0144 harcerzem Aktualno\u015bci Kontakt Aktualno\u015bci Zosta\u0144 harcerzem Kontakt Start Harcerski Szczepu W najbli\u017cszy pi\u0105tek 19 wrze\u015bnia spotkamy si\u0119 na Placu Mickiewicza podczas &#8222;Startu Harcerskiego&#8221; organizowanego przez Hufiec ZHP Ziemi Gliwickiej. Gliwicki Szczep Twierdza &#8211; 2023 \u00a9 Wszelkie prawa zastrze\u017cone","og_url":"https:\/\/twierdza.gliwice.zhp.pl\/index.php\/aktualnosci\/","og_site_name":"Gliwicki Szczep Twierdza","article_modified_time":"2025-09-18T18:19:17+00:00","og_image":[{"width":1080,"height":1080,"url":"https:\/\/twierdza.gliwice.zhp.pl\/wp-content\/uploads\/2025\/09\/biale-tlo-lesne.png","type":"image\/png"}],"twitter_card":"summary_large_image","twitter_misc":{"Szacowany czas czytania":"1 minuta"},"schema":{"@context":"https:\/\/schema.org","@graph":[{"@type":"WebPage","@id":"https:\/\/twierdza.gliwice.zhp.pl\/index.php\/aktualnosci\/","url":"https:\/\/twierdza.gliwice.zhp.pl\/index.php\/aktualnosci\/","name":"Aktualno\u015bci - Gliwicki Szczep Twierdza","isPartOf":{"@id":"https:\/\/twierdza.gliwice.zhp.pl\/#website"},"primaryImageOfPage":{"@id":"https:\/\/twierdza.gliwice.zhp.pl\/index.php\/aktualnosci\/#primaryimage"},"image":{"@id":"https:\/\/twierdza.gliwice.zhp.pl\/index.php\/aktualnosci\/#primaryimage"},"thumbnailUrl":"https:\/\/twierdza.gliwice.zhp.pl\/wp-content\/uploads\/2025\/09\/biale-tlo-lesne.png","datePublished":"2023-01-17T21:18:59+00:00","dateModified":"2025-09-18T18:19:17+00:00","breadcrumb":{"@id":"https:\/\/twierdza.gliwice.zhp.pl\/index.php\/aktualnosci\/#breadcrumb"},"inLanguage":"pl-PL","potentialAction":[{"@type":"ReadAction","target":["https:\/\/twierdza.gliwice.zhp.pl\/index.php\/aktualnosci\/"]}]},{"@type":"ImageObject","inLanguage":"pl-PL","@id":"https:\/\/twierdza.gliwice.zhp.pl\/index.php\/aktualnosci\/#primaryimage","url":"https:\/\/twierdza.gliwice.zhp.pl\/wp-content\/uploads\/2025\/09\/biale-tlo-lesne.png","contentUrl":"https:\/\/twierdza.gliwice.zhp.pl\/wp-content\/uploads\/2025\/09\/biale-tlo-lesne.png","width":1080,"height":1080},{"@type":"BreadcrumbList","@id":"https:\/\/twierdza.gliwice.zhp.pl\/index.php\/aktualnosci\/#breadcrumb","itemListElement":[{"@type":"ListItem","position":1,"name":"Strona g\u0142\u00f3wna","item":"https:\/\/twierdza.gliwice.zhp.pl\/"},{"@type":"ListItem","position":2,"name":"Aktualno\u015bci"}]},{"@type":"WebSite","@id":"https:\/\/twierdza.gliwice.zhp.pl\/#website","url":"https:\/\/twierdza.gliwice.zhp.pl\/","name":"Gliwicki Szczep Twierdza","description":"Gliwicki Szczep Twierdza to jednostka dzia\u0142aj\u0105ca przy Hufcu ZHP Ziemi Gliwickiej, kt\u00f3ra zrzesza gromad\u0119 i dru\u017cyny z centrum Gliwic.","publisher":{"@id":"https:\/\/twierdza.gliwice.zhp.pl\/#organization"},"potentialAction":[{"@type":"SearchAction","target":{"@type":"EntryPoint","urlTemplate":"https:\/\/twierdza.gliwice.zhp.pl\/?s={search_term_string}"},"query-input":{"@type":"PropertyValueSpecification","valueRequired":true,"valueName":"search_term_string"}}],"inLanguage":"pl-PL"},{"@type":"Organization","@id":"https:\/\/twierdza.gliwice.zhp.pl\/#organization","name":"Gliwicki Szczep Twierdza","url":"https:\/\/twierdza.gliwice.zhp.pl\/","logo":{"@type":"ImageObject","inLanguage":"pl-PL","@id":"https:\/\/twierdza.gliwice.zhp.pl\/#\/schema\/logo\/image\/","url":"https:\/\/twierdza.gliwice.zhp.pl\/wp-content\/uploads\/2023\/11\/logo-twierdza-white.png","contentUrl":"https:\/\/twierdza.gliwice.zhp.pl\/wp-content\/uploads\/2023\/11\/logo-twierdza-white.png","width":7247,"height":2119,"caption":"Gliwicki Szczep Twierdza"},"image":{"@id":"https:\/\/twierdza.gliwice.zhp.pl\/#\/schema\/logo\/image\/"}}]}},"_links":{"self":[{"href":"https:\/\/twierdza.gliwice.zhp.pl\/index.php\/wp-json\/wp\/v2\/pages\/2","targetHints":{"allow":["GET"]}}],"collection":[{"href":"https:\/\/twierdza.gliwice.zhp.pl\/index.php\/wp-json\/wp\/v2\/pages"}],"about":[{"href":"https:\/\/twierdza.gliwice.zhp.pl\/index.php\/wp-json\/wp\/v2\/types\/page"}],"author":[{"embeddable":true,"href":"https:\/\/twierdza.gliwice.zhp.pl\/index.php\/wp-json\/wp\/v2\/users\/1"}],"replies":[{"embeddable":true,"href":"https:\/\/twierdza.gliwice.zhp.pl\/index.php\/wp-json\/wp\/v2\/comments?post=2"}],"version-history":[{"count":391,"href":"https:\/\/twierdza.gliwice.zhp.pl\/index.php\/wp-json\/wp\/v2\/pages\/2\/revisions"}],"predecessor-version":[{"id":1117,"href":"https:\/\/twierdza.gliwice.zhp.pl\/index.php\/wp-json\/wp\/v2\/pages\/2\/revisions\/1117"}],"wp:featuredmedia":[{"embeddable":true,"href":"https:\/\/twierdza.gliwice.zhp.pl\/index.php\/wp-json\/wp\/v2\/media\/1027"}],"wp:attachment":[{"href":"https:\/\/twierdza.gliwice.zhp.pl\/index.php\/wp-json\/wp\/v2\/media?parent=2"}],"curies":[{"name":"wp","href":"https:\/\/api.w.org\/{rel}","templated":true}]}}