{"id":56,"date":"2023-01-25T19:31:22","date_gmt":"2023-01-25T18:31:22","guid":{"rendered":"https:\/\/twierdza.gliwice.zhp.pl\/?page_id=56"},"modified":"2025-09-18T20:53:44","modified_gmt":"2025-09-18T18:53:44","slug":"zostan_harcerzem","status":"publish","type":"page","link":"https:\/\/twierdza.gliwice.zhp.pl\/","title":{"rendered":"Zosta\u0144 harcerzem!"},"content":{"rendered":"\t\t<div data-elementor-type=\"wp-page\" data-elementor-id=\"56\" class=\"elementor elementor-56\">\n\t\t\t\t<div class=\"elementor-element elementor-element-8d9c719 e-con-full e-flex e-con e-parent\" data-id=\"8d9c719\" data-element_type=\"container\">\n\t\t\t\t<\/div>\n\t\t<div class=\"elementor-element elementor-element-c929d2a e-con-full elementor-hidden-mobile e-flex e-con e-parent\" data-id=\"c929d2a\" data-element_type=\"container\" data-settings=\"{&quot;background_background&quot;:&quot;classic&quot;}\">\n\t\t<div class=\"elementor-element elementor-element-0e196fa e-con-full e-flex e-con e-child\" data-id=\"0e196fa\" data-element_type=\"container\">\n\t\t\t\t<div class=\"elementor-element elementor-element-c705280 elementor-widget elementor-widget-image\" data-id=\"c705280\" data-element_type=\"widget\" data-widget_type=\"image.default\">\n\t\t\t\t<div class=\"elementor-widget-container\">\n\t\t\t\t\t\t\t\t\t\t\t\t\t\t\t\t<a href=\"https:\/\/twierdza.gliwice.zhp.pl\/\">\n\t\t\t\t\t\t\t<img fetchpriority=\"high\" decoding=\"async\" width=\"800\" height=\"234\" src=\"https:\/\/twierdza.gliwice.zhp.pl\/wp-content\/uploads\/2023\/11\/logo-twierdza-white-1024x299.png\" class=\"attachment-large size-large wp-image-508\" alt=\"\" srcset=\"https:\/\/twierdza.gliwice.zhp.pl\/wp-content\/uploads\/2023\/11\/logo-twierdza-white-1024x299.png 1024w, https:\/\/twierdza.gliwice.zhp.pl\/wp-content\/uploads\/2023\/11\/logo-twierdza-white-300x88.png 300w, https:\/\/twierdza.gliwice.zhp.pl\/wp-content\/uploads\/2023\/11\/logo-twierdza-white-768x225.png 768w, https:\/\/twierdza.gliwice.zhp.pl\/wp-content\/uploads\/2023\/11\/logo-twierdza-white-1536x449.png 1536w, https:\/\/twierdza.gliwice.zhp.pl\/wp-content\/uploads\/2023\/11\/logo-twierdza-white-2048x599.png 2048w\" sizes=\"(max-width: 800px) 100vw, 800px\" \/>\t\t\t\t\t\t\t\t<\/a>\n\t\t\t\t\t\t\t\t\t\t\t\t\t\t\t<\/div>\n\t\t\t\t<\/div>\n\t\t\t\t<\/div>\n\t\t<div class=\"elementor-element elementor-element-7734877 e-con-full e-flex e-con e-child\" data-id=\"7734877\" data-element_type=\"container\">\n\t\t\t\t<\/div>\n\t\t\t\t<\/div>\n\t\t<div class=\"elementor-element elementor-element-8270f9b e-con-full elementor-hidden-desktop elementor-hidden-tablet e-flex e-con e-parent\" data-id=\"8270f9b\" data-element_type=\"container\" data-settings=\"{&quot;background_background&quot;:&quot;classic&quot;}\">\n\t\t<div class=\"elementor-element elementor-element-2d7eaea e-con-full e-flex e-con e-child\" data-id=\"2d7eaea\" data-element_type=\"container\">\n\t\t\t\t<div class=\"elementor-element elementor-element-4f8553c elementor-widget elementor-widget-image\" data-id=\"4f8553c\" data-element_type=\"widget\" data-widget_type=\"image.default\">\n\t\t\t\t<div class=\"elementor-widget-container\">\n\t\t\t\t\t\t\t\t\t\t\t\t\t\t\t\t<a href=\"https:\/\/twierdza.gliwice.zhp.pl\/\">\n\t\t\t\t\t\t\t<img decoding=\"async\" width=\"1536\" height=\"449\" src=\"https:\/\/twierdza.gliwice.zhp.pl\/wp-content\/uploads\/2023\/11\/logo-twierdza-white-1536x449.png\" class=\"attachment-1536x1536 size-1536x1536 wp-image-508\" alt=\"\" srcset=\"https:\/\/twierdza.gliwice.zhp.pl\/wp-content\/uploads\/2023\/11\/logo-twierdza-white-1536x449.png 1536w, https:\/\/twierdza.gliwice.zhp.pl\/wp-content\/uploads\/2023\/11\/logo-twierdza-white-300x88.png 300w, https:\/\/twierdza.gliwice.zhp.pl\/wp-content\/uploads\/2023\/11\/logo-twierdza-white-1024x299.png 1024w, https:\/\/twierdza.gliwice.zhp.pl\/wp-content\/uploads\/2023\/11\/logo-twierdza-white-768x225.png 768w, https:\/\/twierdza.gliwice.zhp.pl\/wp-content\/uploads\/2023\/11\/logo-twierdza-white-2048x599.png 2048w\" sizes=\"(max-width: 1536px) 100vw, 1536px\" \/>\t\t\t\t\t\t\t\t<\/a>\n\t\t\t\t\t\t\t\t\t\t\t\t\t\t\t<\/div>\n\t\t\t\t<\/div>\n\t\t\t\t<\/div>\n\t\t\t\t<\/div>\n\t\t<div class=\"elementor-element elementor-element-b6e7482 e-con-full elementor-hidden-mobile e-flex e-con e-parent\" data-id=\"b6e7482\" data-element_type=\"container\" data-settings=\"{&quot;background_background&quot;:&quot;classic&quot;}\">\n\t\t\t\t<div class=\"elementor-element elementor-element-acd7c0a elementor-widget elementor-widget-button\" data-id=\"acd7c0a\" data-element_type=\"widget\" data-widget_type=\"button.default\">\n\t\t\t\t<div class=\"elementor-widget-container\">\n\t\t\t\t\t\t\t\t\t<div class=\"elementor-button-wrapper\">\n\t\t\t\t\t<a class=\"elementor-button elementor-button-link elementor-size-sm elementor-animation-grow\" href=\"https:\/\/twierdza.gliwice.zhp.pl\/\">\n\t\t\t\t\t\t<span class=\"elementor-button-content-wrapper\">\n\t\t\t\t\t\t\t\t\t<span class=\"elementor-button-text\">Zosta\u0144 harcerzem<\/span>\n\t\t\t\t\t<\/span>\n\t\t\t\t\t<\/a>\n\t\t\t\t<\/div>\n\t\t\t\t\t\t\t\t<\/div>\n\t\t\t\t<\/div>\n\t\t\t\t<div class=\"elementor-element elementor-element-48a5f09 elementor-widget elementor-widget-button\" data-id=\"48a5f09\" data-element_type=\"widget\" data-widget_type=\"button.default\">\n\t\t\t\t<div class=\"elementor-widget-container\">\n\t\t\t\t\t\t\t\t\t<div class=\"elementor-button-wrapper\">\n\t\t\t\t\t<a class=\"elementor-button elementor-button-link elementor-size-sm elementor-animation-grow\" href=\"https:\/\/twierdza.gliwice.zhp.pl\/index.php\/aktualnosci\/\">\n\t\t\t\t\t\t<span class=\"elementor-button-content-wrapper\">\n\t\t\t\t\t\t\t\t\t<span class=\"elementor-button-text\">Aktualno\u015bci<\/span>\n\t\t\t\t\t<\/span>\n\t\t\t\t\t<\/a>\n\t\t\t\t<\/div>\n\t\t\t\t\t\t\t\t<\/div>\n\t\t\t\t<\/div>\n\t\t\t\t<div class=\"elementor-element elementor-element-6b620cf elementor-widget elementor-widget-button\" data-id=\"6b620cf\" data-element_type=\"widget\" data-widget_type=\"button.default\">\n\t\t\t\t<div class=\"elementor-widget-container\">\n\t\t\t\t\t\t\t\t\t<div class=\"elementor-button-wrapper\">\n\t\t\t\t\t<a class=\"elementor-button elementor-button-link elementor-size-sm elementor-animation-grow\" href=\"https:\/\/twierdza.gliwice.zhp.pl\/index.php\/kontakt\/\">\n\t\t\t\t\t\t<span class=\"elementor-button-content-wrapper\">\n\t\t\t\t\t\t\t\t\t<span class=\"elementor-button-text\">Kontakt<\/span>\n\t\t\t\t\t<\/span>\n\t\t\t\t\t<\/a>\n\t\t\t\t<\/div>\n\t\t\t\t\t\t\t\t<\/div>\n\t\t\t\t<\/div>\n\t\t\t\t<\/div>\n\t\t<div class=\"elementor-element elementor-element-3d73305 e-flex e-con-boxed e-con e-parent\" data-id=\"3d73305\" data-element_type=\"container\">\n\t\t\t\t\t<div class=\"e-con-inner\">\n\t\t<div class=\"elementor-element elementor-element-a54ec32 e-flex e-con-boxed e-con e-child\" data-id=\"a54ec32\" data-element_type=\"container\">\n\t\t\t\t\t<div class=\"e-con-inner\">\n\t\t<div class=\"elementor-element elementor-element-87c4043 e-con-full elementor-hidden-desktop elementor-hidden-tablet e-flex e-con e-child\" data-id=\"87c4043\" data-element_type=\"container\" data-settings=\"{&quot;background_background&quot;:&quot;classic&quot;}\">\n\t\t\t\t<div class=\"elementor-element elementor-element-9e1fed7 elementor-widget-mobile__width-initial elementor-widget elementor-widget-heading\" data-id=\"9e1fed7\" data-element_type=\"widget\" data-widget_type=\"heading.default\">\n\t\t\t\t<div class=\"elementor-widget-container\">\n\t\t\t\t\t<h6 class=\"elementor-heading-title elementor-size-default\"><a href=\"https:\/\/twierdza.gliwice.zhp.pl\/index.php\/aktualnosci\/\">Aktualno\u015bci<\/a><\/h6>\t\t\t\t<\/div>\n\t\t\t\t<\/div>\n\t\t\t\t<div class=\"elementor-element elementor-element-a033fb7 elementor-widget-mobile__width-initial elementor-widget elementor-widget-heading\" data-id=\"a033fb7\" data-element_type=\"widget\" data-widget_type=\"heading.default\">\n\t\t\t\t<div class=\"elementor-widget-container\">\n\t\t\t\t\t<h6 class=\"elementor-heading-title elementor-size-default\"><a href=\"https:\/\/twierdza.gliwice.zhp.pl\/\">Zosta\u0144 harcerzem<\/a><\/h6>\t\t\t\t<\/div>\n\t\t\t\t<\/div>\n\t\t\t\t<div class=\"elementor-element elementor-element-98eb4d1 elementor-widget-mobile__width-initial elementor-widget elementor-widget-heading\" data-id=\"98eb4d1\" data-element_type=\"widget\" data-widget_type=\"heading.default\">\n\t\t\t\t<div class=\"elementor-widget-container\">\n\t\t\t\t\t<h6 class=\"elementor-heading-title elementor-size-default\"><a href=\"https:\/\/twierdza.gliwice.zhp.pl\/index.php\/kontakt\/\">Kontakt<\/a><\/h6>\t\t\t\t<\/div>\n\t\t\t\t<\/div>\n\t\t\t\t<\/div>\n\t\t\t\t\t<\/div>\n\t\t\t\t<\/div>\n\t\t\t\t\t<\/div>\n\t\t\t\t<\/div>\n\t\t<div class=\"elementor-element elementor-element-c60ffeb e-flex e-con-boxed e-con e-parent\" data-id=\"c60ffeb\" data-element_type=\"container\">\n\t\t\t\t\t<div class=\"e-con-inner\">\n\t\t\t\t<div class=\"elementor-element elementor-element-81dac23 elementor-widget elementor-widget-heading\" data-id=\"81dac23\" data-element_type=\"widget\" data-widget_type=\"heading.default\">\n\t\t\t\t<div class=\"elementor-widget-container\">\n\t\t\t\t\t<h1 class=\"elementor-heading-title elementor-size-default\">Kilka s\u0142\u00f3w o nas<\/h1>\t\t\t\t<\/div>\n\t\t\t\t<\/div>\n\t\t\t\t<div class=\"elementor-element elementor-element-d0c164c elementor-widget elementor-widget-text-editor\" data-id=\"d0c164c\" data-element_type=\"widget\" data-widget_type=\"text-editor.default\">\n\t\t\t\t<div class=\"elementor-widget-container\">\n\t\t\t\t\t\t\t\t\t<p>Jeste\u015bmy szczepem harcerskim <b>Zwi\u0105zku Harcerstwa Polskiego<\/b> dzia\u0142aj\u0105cym na terenie Gliwic i podlegaj\u0105cym pod <b>Hufiec Ziemi Gliwickiej<\/b>. W naszych jednostkach <b>zrzeszamy dzieci i m\u0142odzie\u017c w wieku od 7 do 21 roku \u017cycia.<\/b> Zazwyczaj spotykamy si\u0119 raz w tygodniu na zbi\u00f3rkach, a par\u0119 razy w roku wyje\u017cd\u017camy na weekendowe biwaki, rady i wycieczki. Wakacje s\u0105 dla nas czasem kilkutygodniowych oboz\u00f3w i kolonii. Chcemy wspiera\u0107 m\u0142odych ludzi w ich rozwoju, zapewni\u0107 im wszechstronno\u015b\u0107, odnalezienie swoich pasji i nawi\u0105zanie przyja\u017ani.<\/p>\t\t\t\t\t\t\t\t<\/div>\n\t\t\t\t<\/div>\n\t\t\t\t<div class=\"elementor-element elementor-element-9b8f872 elementor-widget elementor-widget-heading\" data-id=\"9b8f872\" data-element_type=\"widget\" data-widget_type=\"heading.default\">\n\t\t\t\t<div class=\"elementor-widget-container\">\n\t\t\t\t\t<h1 class=\"elementor-heading-title elementor-size-default\">Dlaczego warto do nas do\u0142\u0105czy\u0107?<\/h1>\t\t\t\t<\/div>\n\t\t\t\t<\/div>\n\t\t\t\t\t<\/div>\n\t\t\t\t<\/div>\n\t\t<div class=\"elementor-element elementor-element-67eeda0 elementor-hidden-mobile e-flex e-con-boxed e-con e-parent\" data-id=\"67eeda0\" data-element_type=\"container\">\n\t\t\t\t\t<div class=\"e-con-inner\">\n\t\t\t\t<div class=\"elementor-element elementor-element-79a9987 elementor-widget__width-initial elementor-hidden-mobile elementor-position-top elementor-widget elementor-widget-image-box\" data-id=\"79a9987\" data-element_type=\"widget\" data-widget_type=\"image-box.default\">\n\t\t\t\t<div class=\"elementor-widget-container\">\n\t\t\t\t\t<div class=\"elementor-image-box-wrapper\"><figure class=\"elementor-image-box-img\"><img decoding=\"async\" width=\"787\" height=\"787\" src=\"https:\/\/twierdza.gliwice.zhp.pl\/wp-content\/uploads\/2023\/07\/JAN1900.jpg\" class=\"attachment-full size-full wp-image-152\" alt=\"\" srcset=\"https:\/\/twierdza.gliwice.zhp.pl\/wp-content\/uploads\/2023\/07\/JAN1900.jpg 787w, https:\/\/twierdza.gliwice.zhp.pl\/wp-content\/uploads\/2023\/07\/JAN1900-300x300.jpg 300w, https:\/\/twierdza.gliwice.zhp.pl\/wp-content\/uploads\/2023\/07\/JAN1900-150x150.jpg 150w, https:\/\/twierdza.gliwice.zhp.pl\/wp-content\/uploads\/2023\/07\/JAN1900-768x768.jpg 768w\" sizes=\"(max-width: 787px) 100vw, 787px\" \/><\/figure><div class=\"elementor-image-box-content\"><h3 class=\"elementor-image-box-title\">Przygody<\/h3><p class=\"elementor-image-box-description\">Chcesz zdoby\u0107 niesamowite, nowe do\u015bwiadczenia? Wyje\u017cd\u017ca\u0107 na weekendowe biwaki, zimowiska oraz letnie obozy? Z nami mo\u017cesz wyruszy\u0107 w nowe miejsca, sprawdzi\u0107 sw\u00f3j hart ducha i stawia\u0107 sobie wyzwania!<\/p><\/div><\/div>\t\t\t\t<\/div>\n\t\t\t\t<\/div>\n\t\t\t\t<div class=\"elementor-element elementor-element-d9150db elementor-widget__width-initial elementor-hidden-mobile elementor-position-top elementor-widget elementor-widget-image-box\" data-id=\"d9150db\" data-element_type=\"widget\" data-widget_type=\"image-box.default\">\n\t\t\t\t<div class=\"elementor-widget-container\">\n\t\t\t\t\t<div class=\"elementor-image-box-wrapper\"><figure class=\"elementor-image-box-img\"><img loading=\"lazy\" decoding=\"async\" width=\"546\" height=\"546\" src=\"https:\/\/twierdza.gliwice.zhp.pl\/wp-content\/uploads\/2023\/07\/JAN1894.jpg\" class=\"attachment-full size-full wp-image-153\" alt=\"\" srcset=\"https:\/\/twierdza.gliwice.zhp.pl\/wp-content\/uploads\/2023\/07\/JAN1894.jpg 546w, https:\/\/twierdza.gliwice.zhp.pl\/wp-content\/uploads\/2023\/07\/JAN1894-300x300.jpg 300w, https:\/\/twierdza.gliwice.zhp.pl\/wp-content\/uploads\/2023\/07\/JAN1894-150x150.jpg 150w, https:\/\/twierdza.gliwice.zhp.pl\/wp-content\/uploads\/2023\/07\/elementor\/thumbs\/JAN1894-q9chmsh15775kcln35inbppsgg699r4iaqmue4kgu8.jpg 160w, https:\/\/twierdza.gliwice.zhp.pl\/wp-content\/uploads\/2023\/07\/elementor\/thumbs\/JAN1894-q9chmsh24a8aur4mma7l0kshabjk75p306azb8y8v4.jpg 240w\" sizes=\"(max-width: 546px) 100vw, 546px\" \/><\/figure><div class=\"elementor-image-box-content\"><h3 class=\"elementor-image-box-title\">Przyja\u017anie<\/h3><p class=\"elementor-image-box-description\">Chcesz pozna\u0107 nowych ludzi i mie\u0107 znajomych, na kt\u00f3rych mo\u017cesz liczy\u0107? Stw\u00f3rz naprawd\u0119 zgran\u0105 grup\u0119 przyjaci\u00f3\u0142, z kt\u00f3rymi b\u0119dziesz poznawa\u0107 \u015bwiat, wsp\u00f3\u0142pracowa\u0107, rywalizowa\u0107 <br>i wsp\u00f3lnie uczy\u0107 si\u0119 nowych rzeczy!<\/p><\/div><\/div>\t\t\t\t<\/div>\n\t\t\t\t<\/div>\n\t\t\t\t<div class=\"elementor-element elementor-element-2f1b1ab elementor-widget__width-initial elementor-hidden-mobile elementor-position-top elementor-widget elementor-widget-image-box\" data-id=\"2f1b1ab\" data-element_type=\"widget\" data-widget_type=\"image-box.default\">\n\t\t\t\t<div class=\"elementor-widget-container\">\n\t\t\t\t\t<div class=\"elementor-image-box-wrapper\"><figure class=\"elementor-image-box-img\"><img loading=\"lazy\" decoding=\"async\" width=\"595\" height=\"595\" src=\"https:\/\/twierdza.gliwice.zhp.pl\/wp-content\/uploads\/2023\/07\/JAN1923.jpg\" class=\"attachment-full size-full wp-image-154\" alt=\"\" srcset=\"https:\/\/twierdza.gliwice.zhp.pl\/wp-content\/uploads\/2023\/07\/JAN1923.jpg 595w, https:\/\/twierdza.gliwice.zhp.pl\/wp-content\/uploads\/2023\/07\/JAN1923-300x300.jpg 300w, https:\/\/twierdza.gliwice.zhp.pl\/wp-content\/uploads\/2023\/07\/JAN1923-150x150.jpg 150w\" sizes=\"(max-width: 595px) 100vw, 595px\" \/><\/figure><div class=\"elementor-image-box-content\"><h3 class=\"elementor-image-box-title\">Umiej\u0119tno\u015bci<\/h3><p class=\"elementor-image-box-description\">Lubisz si\u0119 rowija\u0107? Z nami mo\u017cesz nauczy\u0107 si\u0119 pierwszej pomocy, gotowania na ognisku, przetrwania w lesie czy w\u0119dr\u00f3wek z map\u0105. Wzmocnisz tu te\u017c kompetencje liderskie, prac\u0119<br> w grupie oraz sw\u00f3j rozw\u00f3j duchowy.<\/p><\/div><\/div>\t\t\t\t<\/div>\n\t\t\t\t<\/div>\n\t\t\t\t\t<\/div>\n\t\t\t\t<\/div>\n\t\t<div class=\"elementor-element elementor-element-df12648 e-flex e-con-boxed e-con e-parent\" data-id=\"df12648\" data-element_type=\"container\">\n\t\t\t\t\t<div class=\"e-con-inner\">\n\t\t<div class=\"elementor-element elementor-element-aee36bd e-con-full e-flex e-con e-child\" data-id=\"aee36bd\" data-element_type=\"container\" data-settings=\"{&quot;background_background&quot;:&quot;classic&quot;}\">\n\t\t\t\t<div class=\"elementor-element elementor-element-667e78a elementor-widget elementor-widget-heading\" data-id=\"667e78a\" data-element_type=\"widget\" data-widget_type=\"heading.default\">\n\t\t\t\t<div class=\"elementor-widget-container\">\n\t\t\t\t\t<h2 class=\"elementor-heading-title elementor-size-default\">W jaki spos\u00f3b do nas do\u0142\u0105czy\u0107?<\/h2>\t\t\t\t<\/div>\n\t\t\t\t<\/div>\n\t\t<div class=\"elementor-element elementor-element-01af159 e-flex e-con-boxed e-con e-child\" data-id=\"01af159\" data-element_type=\"container\">\n\t\t\t\t\t<div class=\"e-con-inner\">\n\t\t<div class=\"elementor-element elementor-element-0563dcc e-flex e-con-boxed e-con e-child\" data-id=\"0563dcc\" data-element_type=\"container\">\n\t\t\t\t\t<div class=\"e-con-inner\">\n\t\t\t\t<div class=\"elementor-element elementor-element-0284dc0 elementor-view-default elementor-widget elementor-widget-icon\" data-id=\"0284dc0\" data-element_type=\"widget\" data-widget_type=\"icon.default\">\n\t\t\t\t<div class=\"elementor-widget-container\">\n\t\t\t\t\t\t\t<div class=\"elementor-icon-wrapper\">\n\t\t\t<div class=\"elementor-icon\">\n\t\t\t<i aria-hidden=\"true\" class=\"far fa-calendar-check\"><\/i>\t\t\t<\/div>\n\t\t<\/div>\n\t\t\t\t\t\t<\/div>\n\t\t\t\t<\/div>\n\t\t\t\t<div class=\"elementor-element elementor-element-36ee4b6 elementor-widget elementor-widget-heading\" data-id=\"36ee4b6\" data-element_type=\"widget\" data-widget_type=\"heading.default\">\n\t\t\t\t<div class=\"elementor-widget-container\">\n\t\t\t\t\t<h2 class=\"elementor-heading-title elementor-size-default\">1. Wybierz grup\u0119 wiekow\u0105<\/h2>\t\t\t\t<\/div>\n\t\t\t\t<\/div>\n\t\t\t\t\t<\/div>\n\t\t\t\t<\/div>\n\t\t<div class=\"elementor-element elementor-element-59574f4 e-flex e-con-boxed e-con e-child\" data-id=\"59574f4\" data-element_type=\"container\">\n\t\t\t\t\t<div class=\"e-con-inner\">\n\t\t\t\t<div class=\"elementor-element elementor-element-3d61c6a elementor-view-default elementor-widget elementor-widget-icon\" data-id=\"3d61c6a\" data-element_type=\"widget\" data-widget_type=\"icon.default\">\n\t\t\t\t<div class=\"elementor-widget-container\">\n\t\t\t\t\t\t\t<div class=\"elementor-icon-wrapper\">\n\t\t\t<div class=\"elementor-icon\">\n\t\t\t<i aria-hidden=\"true\" class=\"fas fa-map-marked-alt\"><\/i>\t\t\t<\/div>\n\t\t<\/div>\n\t\t\t\t\t\t<\/div>\n\t\t\t\t<\/div>\n\t\t\t\t<div class=\"elementor-element elementor-element-7f6a703 elementor-widget elementor-widget-heading\" data-id=\"7f6a703\" data-element_type=\"widget\" data-widget_type=\"heading.default\">\n\t\t\t\t<div class=\"elementor-widget-container\">\n\t\t\t\t\t<h2 class=\"elementor-heading-title elementor-size-default\">2. Sprawd\u017a miejsce oraz dat\u0119 odbywania si\u0119 zbi\u00f3rek<\/h2>\t\t\t\t<\/div>\n\t\t\t\t<\/div>\n\t\t\t\t\t<\/div>\n\t\t\t\t<\/div>\n\t\t<div class=\"elementor-element elementor-element-e7b6454 e-flex e-con-boxed e-con e-child\" data-id=\"e7b6454\" data-element_type=\"container\">\n\t\t\t\t\t<div class=\"e-con-inner\">\n\t\t\t\t<div class=\"elementor-element elementor-element-9ecea20 elementor-view-default elementor-widget elementor-widget-icon\" data-id=\"9ecea20\" data-element_type=\"widget\" data-widget_type=\"icon.default\">\n\t\t\t\t<div class=\"elementor-widget-container\">\n\t\t\t\t\t\t\t<div class=\"elementor-icon-wrapper\">\n\t\t\t<div class=\"elementor-icon\">\n\t\t\t<i aria-hidden=\"true\" class=\"far fa-handshake\"><\/i>\t\t\t<\/div>\n\t\t<\/div>\n\t\t\t\t\t\t<\/div>\n\t\t\t\t<\/div>\n\t\t\t\t<div class=\"elementor-element elementor-element-d5da315 elementor-widget elementor-widget-heading\" data-id=\"d5da315\" data-element_type=\"widget\" data-widget_type=\"heading.default\">\n\t\t\t\t<div class=\"elementor-widget-container\">\n\t\t\t\t\t<h2 class=\"elementor-heading-title elementor-size-default\">3. Skontaktuj si\u0119 z dru\u017cynowym lub przyjd\u017a na zbi\u00f3rk\u0119!<\/h2>\t\t\t\t<\/div>\n\t\t\t\t<\/div>\n\t\t\t\t\t<\/div>\n\t\t\t\t<\/div>\n\t\t\t\t\t<\/div>\n\t\t\t\t<\/div>\n\t\t\t\t<\/div>\n\t\t\t\t\t<\/div>\n\t\t\t\t<\/div>\n\t\t<div class=\"elementor-element elementor-element-432c6ff e-flex e-con-boxed e-con e-parent\" data-id=\"432c6ff\" data-element_type=\"container\">\n\t\t\t\t\t<div class=\"e-con-inner\">\n\t\t\t\t<div class=\"elementor-element elementor-element-70db2b1 elementor-widget elementor-widget-heading\" data-id=\"70db2b1\" data-element_type=\"widget\" data-widget_type=\"heading.default\">\n\t\t\t\t<div class=\"elementor-widget-container\">\n\t\t\t\t\t<h1 class=\"elementor-heading-title elementor-size-default\">Napisz lub przyjd\u017a na zbi\u00f3rk\u0119!<\/h1>\t\t\t\t<\/div>\n\t\t\t\t<\/div>\n\t\t\t\t\t<\/div>\n\t\t\t\t<\/div>\n\t\t<div class=\"elementor-element elementor-element-46a3faf e-flex e-con-boxed e-con e-parent\" data-id=\"46a3faf\" data-element_type=\"container\">\n\t\t\t\t\t<div class=\"e-con-inner\">\n\t\t<div class=\"elementor-element elementor-element-1f021c2 e-con-full e-flex e-con e-child\" data-id=\"1f021c2\" data-element_type=\"container\" data-settings=\"{&quot;background_background&quot;:&quot;classic&quot;}\">\n\t\t<div class=\"elementor-element elementor-element-e2ef593 e-flex e-con-boxed e-con e-child\" data-id=\"e2ef593\" data-element_type=\"container\">\n\t\t\t\t\t<div class=\"e-con-inner\">\n\t\t\t\t<div class=\"elementor-element elementor-element-5875cd8 elementor-widget elementor-widget-heading\" data-id=\"5875cd8\" data-element_type=\"widget\" data-widget_type=\"heading.default\">\n\t\t\t\t<div class=\"elementor-widget-container\">\n\t\t\t\t\t<h2 class=\"elementor-heading-title elementor-size-default\">9 GGZ Dzielne Gargulce<\/h2>\t\t\t\t<\/div>\n\t\t\t\t<\/div>\n\t\t\t\t<div class=\"elementor-element elementor-element-ead94d9 elementor-widget elementor-widget-text-editor\" data-id=\"ead94d9\" data-element_type=\"widget\" data-widget_type=\"text-editor.default\">\n\t\t\t\t<div class=\"elementor-widget-container\">\n\t\t\t\t\t\t\t\t\t<p>Nasza gromada zuchowa zrzesza dzieci w wieku <strong>7-10 lat.\u00a0<\/strong>Na zbi\u00f3rkach uczestnicy maj\u0105 mo\u017cliwo\u015b\u0107 nawi\u0105zywa\u0107 przyja\u017anie, uczy\u0107 si\u0119 przez zabaw\u0119 i zdobywa\u0107 nowe umiej\u0119tno\u015bci.<\/p>\t\t\t\t\t\t\t\t<\/div>\n\t\t\t\t<\/div>\n\t\t\t\t<div class=\"elementor-element elementor-element-55f9345 elementor-icon-list--layout-traditional elementor-list-item-link-full_width elementor-widget elementor-widget-icon-list\" data-id=\"55f9345\" data-element_type=\"widget\" data-widget_type=\"icon-list.default\">\n\t\t\t\t<div class=\"elementor-widget-container\">\n\t\t\t\t\t\t\t<ul class=\"elementor-icon-list-items\">\n\t\t\t\t\t\t\t<li class=\"elementor-icon-list-item\">\n\t\t\t\t\t\t\t\t\t\t\t<span class=\"elementor-icon-list-icon\">\n\t\t\t\t\t\t\t<i aria-hidden=\"true\" class=\"far fa-calendar-check\"><\/i>\t\t\t\t\t\t<\/span>\n\t\t\t\t\t\t\t\t\t\t<span class=\"elementor-icon-list-text\">Poniedzia\u0142ki 16:00-18:30<\/span>\n\t\t\t\t\t\t\t\t\t<\/li>\n\t\t\t\t\t\t\t\t<li class=\"elementor-icon-list-item\">\n\t\t\t\t\t\t\t\t\t\t\t<span class=\"elementor-icon-list-icon\">\n\t\t\t\t\t\t\t<i aria-hidden=\"true\" class=\"fas fa-map-pin\"><\/i>\t\t\t\t\t\t<\/span>\n\t\t\t\t\t\t\t\t\t\t<span class=\"elementor-icon-list-text\">Szko\u0142a Podstawowa nr 9 w Gliwicach, ul. Sobieskiego 14<\/span>\n\t\t\t\t\t\t\t\t\t<\/li>\n\t\t\t\t\t\t\t\t<li class=\"elementor-icon-list-item\">\n\t\t\t\t\t\t\t\t\t\t\t<span class=\"elementor-icon-list-icon\">\n\t\t\t\t\t\t\t<i aria-hidden=\"true\" class=\"fas fa-child\"><\/i>\t\t\t\t\t\t<\/span>\n\t\t\t\t\t\t\t\t\t\t<span class=\"elementor-icon-list-text\">Dla dzieci w wieku <b>7-10 lat<\/b><\/span>\n\t\t\t\t\t\t\t\t\t<\/li>\n\t\t\t\t\t\t<\/ul>\n\t\t\t\t\t\t<\/div>\n\t\t\t\t<\/div>\n\t\t\t\t<div class=\"elementor-element elementor-element-be29556 elementor-widget elementor-widget-text-editor\" data-id=\"be29556\" data-element_type=\"widget\" data-widget_type=\"text-editor.default\">\n\t\t\t\t<div class=\"elementor-widget-container\">\n\t\t\t\t\t\t\t\t\t<p><b>Dru\u017cynowa: pwd<\/b>. Ma\u0142gorzata Goryczka<\/p>\t\t\t\t\t\t\t\t<\/div>\n\t\t\t\t<\/div>\n\t\t\t\t<div class=\"elementor-element elementor-element-7545ff3 elementor-icon-list--layout-traditional elementor-list-item-link-full_width elementor-widget elementor-widget-icon-list\" data-id=\"7545ff3\" data-element_type=\"widget\" data-widget_type=\"icon-list.default\">\n\t\t\t\t<div class=\"elementor-widget-container\">\n\t\t\t\t\t\t\t<ul class=\"elementor-icon-list-items\">\n\t\t\t\t\t\t\t<li class=\"elementor-icon-list-item\">\n\t\t\t\t\t\t\t\t\t\t\t<a href=\"mailto:malgorzata.goryczka@zhp.net.pl\">\n\n\t\t\t\t\t\t\t\t\t\t\t\t<span class=\"elementor-icon-list-icon\">\n\t\t\t\t\t\t\t<i aria-hidden=\"true\" class=\"far fa-envelope\"><\/i>\t\t\t\t\t\t<\/span>\n\t\t\t\t\t\t\t\t\t\t<span class=\"elementor-icon-list-text\">malgorzata.goryczka@zhp.net.pl<\/span>\n\t\t\t\t\t\t\t\t\t\t\t<\/a>\n\t\t\t\t\t\t\t\t\t<\/li>\n\t\t\t\t\t\t\t\t<li class=\"elementor-icon-list-item\">\n\t\t\t\t\t\t\t\t\t\t\t<a href=\"tel:697401253\">\n\n\t\t\t\t\t\t\t\t\t\t\t\t<span class=\"elementor-icon-list-icon\">\n\t\t\t\t\t\t\t<i aria-hidden=\"true\" class=\"fas fa-phone-alt\"><\/i>\t\t\t\t\t\t<\/span>\n\t\t\t\t\t\t\t\t\t\t<span class=\"elementor-icon-list-text\">+48 697 401 253<\/span>\n\t\t\t\t\t\t\t\t\t\t\t<\/a>\n\t\t\t\t\t\t\t\t\t<\/li>\n\t\t\t\t\t\t<\/ul>\n\t\t\t\t\t\t<\/div>\n\t\t\t\t<\/div>\n\t\t\t\t\t<\/div>\n\t\t\t\t<\/div>\n\t\t<div class=\"elementor-element elementor-element-0850eac e-flex e-con-boxed e-con e-child\" data-id=\"0850eac\" data-element_type=\"container\">\n\t\t\t\t\t<div class=\"e-con-inner\">\n\t\t\t\t<div class=\"elementor-element elementor-element-5ebd744 elementor-widget elementor-widget-image\" data-id=\"5ebd744\" data-element_type=\"widget\" data-widget_type=\"image.default\">\n\t\t\t\t<div class=\"elementor-widget-container\">\n\t\t\t\t\t\t\t\t\t\t\t\t\t\t\t<img loading=\"lazy\" decoding=\"async\" width=\"800\" height=\"720\" src=\"https:\/\/twierdza.gliwice.zhp.pl\/wp-content\/uploads\/2023\/11\/graa-wieczorna-44-e1699012448857-1024x922.jpg\" class=\"attachment-large size-large wp-image-254\" alt=\"\" srcset=\"https:\/\/twierdza.gliwice.zhp.pl\/wp-content\/uploads\/2023\/11\/graa-wieczorna-44-e1699012448857-1024x922.jpg 1024w, https:\/\/twierdza.gliwice.zhp.pl\/wp-content\/uploads\/2023\/11\/graa-wieczorna-44-e1699012448857-300x270.jpg 300w, https:\/\/twierdza.gliwice.zhp.pl\/wp-content\/uploads\/2023\/11\/graa-wieczorna-44-e1699012448857-768x691.jpg 768w, https:\/\/twierdza.gliwice.zhp.pl\/wp-content\/uploads\/2023\/11\/graa-wieczorna-44-e1699012448857.jpg 1280w\" sizes=\"(max-width: 800px) 100vw, 800px\" \/>\t\t\t\t\t\t\t\t\t\t\t\t\t\t\t<\/div>\n\t\t\t\t<\/div>\n\t\t\t\t\t<\/div>\n\t\t\t\t<\/div>\n\t\t\t\t<\/div>\n\t\t<div class=\"elementor-element elementor-element-4c619cb e-con-full e-flex e-con e-child\" data-id=\"4c619cb\" data-element_type=\"container\" data-settings=\"{&quot;background_background&quot;:&quot;classic&quot;}\">\n\t\t<div class=\"elementor-element elementor-element-3dbfce4 e-flex e-con-boxed e-con e-child\" data-id=\"3dbfce4\" data-element_type=\"container\">\n\t\t\t\t\t<div class=\"e-con-inner\">\n\t\t\t\t<div class=\"elementor-element elementor-element-1cc3fc5 elementor-widget elementor-widget-image\" data-id=\"1cc3fc5\" data-element_type=\"widget\" data-widget_type=\"image.default\">\n\t\t\t\t<div class=\"elementor-widget-container\">\n\t\t\t\t\t\t\t\t\t\t\t\t\t\t\t<img loading=\"lazy\" decoding=\"async\" width=\"774\" height=\"630\" src=\"https:\/\/twierdza.gliwice.zhp.pl\/wp-content\/uploads\/2023\/11\/chusta.jpg\" class=\"attachment-large size-large wp-image-276\" alt=\"\" srcset=\"https:\/\/twierdza.gliwice.zhp.pl\/wp-content\/uploads\/2023\/11\/chusta.jpg 774w, https:\/\/twierdza.gliwice.zhp.pl\/wp-content\/uploads\/2023\/11\/chusta-300x244.jpg 300w, https:\/\/twierdza.gliwice.zhp.pl\/wp-content\/uploads\/2023\/11\/chusta-768x625.jpg 768w\" sizes=\"(max-width: 774px) 100vw, 774px\" \/>\t\t\t\t\t\t\t\t\t\t\t\t\t\t\t<\/div>\n\t\t\t\t<\/div>\n\t\t\t\t\t<\/div>\n\t\t\t\t<\/div>\n\t\t<div class=\"elementor-element elementor-element-220b40f e-flex e-con-boxed e-con e-child\" data-id=\"220b40f\" data-element_type=\"container\">\n\t\t\t\t\t<div class=\"e-con-inner\">\n\t\t\t\t<div class=\"elementor-element elementor-element-7539063 elementor-widget elementor-widget-heading\" data-id=\"7539063\" data-element_type=\"widget\" data-widget_type=\"heading.default\">\n\t\t\t\t<div class=\"elementor-widget-container\">\n\t\t\t\t\t<h2 class=\"elementor-heading-title elementor-size-default\">9 GDH Baszta<\/h2>\t\t\t\t<\/div>\n\t\t\t\t<\/div>\n\t\t\t\t<div class=\"elementor-element elementor-element-54b8160 elementor-widget elementor-widget-text-editor\" data-id=\"54b8160\" data-element_type=\"widget\" data-widget_type=\"text-editor.default\">\n\t\t\t\t<div class=\"elementor-widget-container\">\n\t\t\t\t\t\t\t\t\t<p>Nasza druzyna harcerska zrzesza dzieci w wieku <strong>10-13 lat. <\/strong>Na zbi\u00f3rkach uczestnicy zawi\u0105zuj\u0105 przyja\u017anie, ucz\u0105 si\u0119 pracowa\u0107 w grupie, stawiaj\u0105 sobie wyzwania i \u0107wicz\u0105 nowe kompetencje przez rozmaite gry terenowe i logiczne.<\/p>\t\t\t\t\t\t\t\t<\/div>\n\t\t\t\t<\/div>\n\t\t\t\t<div class=\"elementor-element elementor-element-b6e7ed2 elementor-icon-list--layout-traditional elementor-list-item-link-full_width elementor-widget elementor-widget-icon-list\" data-id=\"b6e7ed2\" data-element_type=\"widget\" data-widget_type=\"icon-list.default\">\n\t\t\t\t<div class=\"elementor-widget-container\">\n\t\t\t\t\t\t\t<ul class=\"elementor-icon-list-items\">\n\t\t\t\t\t\t\t<li class=\"elementor-icon-list-item\">\n\t\t\t\t\t\t\t\t\t\t\t<span class=\"elementor-icon-list-icon\">\n\t\t\t\t\t\t\t<i aria-hidden=\"true\" class=\"far fa-calendar-check\"><\/i>\t\t\t\t\t\t<\/span>\n\t\t\t\t\t\t\t\t\t\t<span class=\"elementor-icon-list-text\">Pi\u0105tki 17:00-19:00<\/span>\n\t\t\t\t\t\t\t\t\t<\/li>\n\t\t\t\t\t\t\t\t<li class=\"elementor-icon-list-item\">\n\t\t\t\t\t\t\t\t\t\t\t<span class=\"elementor-icon-list-icon\">\n\t\t\t\t\t\t\t<i aria-hidden=\"true\" class=\"fas fa-map-pin\"><\/i>\t\t\t\t\t\t<\/span>\n\t\t\t\t\t\t\t\t\t\t<span class=\"elementor-icon-list-text\">Szko\u0142a Podstawowa nr 9 w Gliwicach, ul. Sobieskiego 14<\/span>\n\t\t\t\t\t\t\t\t\t<\/li>\n\t\t\t\t\t\t\t\t<li class=\"elementor-icon-list-item\">\n\t\t\t\t\t\t\t\t\t\t\t<span class=\"elementor-icon-list-icon\">\n\t\t\t\t\t\t\t<i aria-hidden=\"true\" class=\"fas fa-child\"><\/i>\t\t\t\t\t\t<\/span>\n\t\t\t\t\t\t\t\t\t\t<span class=\"elementor-icon-list-text\">Dla dzieci w wieku <b>10-13 lat<\/b><\/span>\n\t\t\t\t\t\t\t\t\t<\/li>\n\t\t\t\t\t\t<\/ul>\n\t\t\t\t\t\t<\/div>\n\t\t\t\t<\/div>\n\t\t\t\t<div class=\"elementor-element elementor-element-1246ebe elementor-widget elementor-widget-text-editor\" data-id=\"1246ebe\" data-element_type=\"widget\" data-widget_type=\"text-editor.default\">\n\t\t\t\t<div class=\"elementor-widget-container\">\n\t\t\t\t\t\t\t\t\t<p><b>Dru\u017cynowy:\u00a0<\/b>pwd. Kacper Warzecha<\/p>\t\t\t\t\t\t\t\t<\/div>\n\t\t\t\t<\/div>\n\t\t\t\t<div class=\"elementor-element elementor-element-0ffe235 elementor-icon-list--layout-traditional elementor-list-item-link-full_width elementor-widget elementor-widget-icon-list\" data-id=\"0ffe235\" data-element_type=\"widget\" data-widget_type=\"icon-list.default\">\n\t\t\t\t<div class=\"elementor-widget-container\">\n\t\t\t\t\t\t\t<ul class=\"elementor-icon-list-items\">\n\t\t\t\t\t\t\t<li class=\"elementor-icon-list-item\">\n\t\t\t\t\t\t\t\t\t\t\t<a href=\"mailto:kacper.warzecha@zhp.net.pl\">\n\n\t\t\t\t\t\t\t\t\t\t\t\t<span class=\"elementor-icon-list-icon\">\n\t\t\t\t\t\t\t<i aria-hidden=\"true\" class=\"far fa-envelope\"><\/i>\t\t\t\t\t\t<\/span>\n\t\t\t\t\t\t\t\t\t\t<span class=\"elementor-icon-list-text\">kacper.warzecha@zhp.net.pl<\/span>\n\t\t\t\t\t\t\t\t\t\t\t<\/a>\n\t\t\t\t\t\t\t\t\t<\/li>\n\t\t\t\t\t\t\t\t<li class=\"elementor-icon-list-item\">\n\t\t\t\t\t\t\t\t\t\t\t<a href=\"tel:797701259\">\n\n\t\t\t\t\t\t\t\t\t\t\t\t<span class=\"elementor-icon-list-icon\">\n\t\t\t\t\t\t\t<i aria-hidden=\"true\" class=\"fas fa-phone-alt\"><\/i>\t\t\t\t\t\t<\/span>\n\t\t\t\t\t\t\t\t\t\t<span class=\"elementor-icon-list-text\">+48 797 701 259<\/span>\n\t\t\t\t\t\t\t\t\t\t\t<\/a>\n\t\t\t\t\t\t\t\t\t<\/li>\n\t\t\t\t\t\t<\/ul>\n\t\t\t\t\t\t<\/div>\n\t\t\t\t<\/div>\n\t\t\t\t\t<\/div>\n\t\t\t\t<\/div>\n\t\t\t\t<\/div>\n\t\t<div class=\"elementor-element elementor-element-3819f74 e-con-full e-flex e-con e-child\" data-id=\"3819f74\" data-element_type=\"container\" data-settings=\"{&quot;background_background&quot;:&quot;classic&quot;}\">\n\t\t<div class=\"elementor-element elementor-element-4bd3321 e-flex e-con-boxed e-con e-child\" data-id=\"4bd3321\" data-element_type=\"container\">\n\t\t\t\t\t<div class=\"e-con-inner\">\n\t\t\t\t<div class=\"elementor-element elementor-element-2d388eb elementor-widget elementor-widget-heading\" data-id=\"2d388eb\" data-element_type=\"widget\" data-widget_type=\"heading.default\">\n\t\t\t\t<div class=\"elementor-widget-container\">\n\t\t\t\t\t<h2 class=\"elementor-heading-title elementor-size-default\">9 GDHS Lukarna<\/h2>\t\t\t\t<\/div>\n\t\t\t\t<\/div>\n\t\t\t\t<div class=\"elementor-element elementor-element-78967e3 elementor-widget elementor-widget-text-editor\" data-id=\"78967e3\" data-element_type=\"widget\" data-widget_type=\"text-editor.default\">\n\t\t\t\t<div class=\"elementor-widget-container\">\n\t\t\t\t\t\t\t\t\t<p>Nasza dru\u017cyna starszoharcerska zrzesza m\u0142odzie\u017c w wieku <strong>13-16 lat. <\/strong>Na zbi\u00f3rkach umo\u017cliwiamy uczestnikom poznawanie nowych ludzi, wszechstronny rozw\u00f3j, stawianie sobie wyzwa\u0144, poszukiwanie swoich pasji i mocnych stron.<\/p>\t\t\t\t\t\t\t\t<\/div>\n\t\t\t\t<\/div>\n\t\t\t\t<div class=\"elementor-element elementor-element-6468046 elementor-icon-list--layout-traditional elementor-list-item-link-full_width elementor-widget elementor-widget-icon-list\" data-id=\"6468046\" data-element_type=\"widget\" data-widget_type=\"icon-list.default\">\n\t\t\t\t<div class=\"elementor-widget-container\">\n\t\t\t\t\t\t\t<ul class=\"elementor-icon-list-items\">\n\t\t\t\t\t\t\t<li class=\"elementor-icon-list-item\">\n\t\t\t\t\t\t\t\t\t\t\t<span class=\"elementor-icon-list-icon\">\n\t\t\t\t\t\t\t<i aria-hidden=\"true\" class=\"far fa-calendar-check\"><\/i>\t\t\t\t\t\t<\/span>\n\t\t\t\t\t\t\t\t\t\t<span class=\"elementor-icon-list-text\">Czwartki 18:00-20:00<\/span>\n\t\t\t\t\t\t\t\t\t<\/li>\n\t\t\t\t\t\t\t\t<li class=\"elementor-icon-list-item\">\n\t\t\t\t\t\t\t\t\t\t\t<span class=\"elementor-icon-list-icon\">\n\t\t\t\t\t\t\t<i aria-hidden=\"true\" class=\"fas fa-map-pin\"><\/i>\t\t\t\t\t\t<\/span>\n\t\t\t\t\t\t\t\t\t\t<span class=\"elementor-icon-list-text\">Lokal Hufca ZHP Ziemi Gliwickiej, al. Przyja\u017ani 9<\/span>\n\t\t\t\t\t\t\t\t\t<\/li>\n\t\t\t\t\t\t\t\t<li class=\"elementor-icon-list-item\">\n\t\t\t\t\t\t\t\t\t\t\t<span class=\"elementor-icon-list-icon\">\n\t\t\t\t\t\t\t<i aria-hidden=\"true\" class=\"fas fa-child\"><\/i>\t\t\t\t\t\t<\/span>\n\t\t\t\t\t\t\t\t\t\t<span class=\"elementor-icon-list-text\">Dla m\u0142odzie\u017cy w wieku <b>13-16 lat<\/b><\/span>\n\t\t\t\t\t\t\t\t\t<\/li>\n\t\t\t\t\t\t<\/ul>\n\t\t\t\t\t\t<\/div>\n\t\t\t\t<\/div>\n\t\t\t\t<div class=\"elementor-element elementor-element-8b62952 elementor-widget elementor-widget-text-editor\" data-id=\"8b62952\" data-element_type=\"widget\" data-widget_type=\"text-editor.default\">\n\t\t\t\t<div class=\"elementor-widget-container\">\n\t\t\t\t\t\t\t\t\t<p><b>Dru\u017cynowy: <\/b>pwd. Gabriel Korzeniowski<\/p>\t\t\t\t\t\t\t\t<\/div>\n\t\t\t\t<\/div>\n\t\t\t\t<div class=\"elementor-element elementor-element-3559b1b elementor-icon-list--layout-traditional elementor-list-item-link-full_width elementor-widget elementor-widget-icon-list\" data-id=\"3559b1b\" data-element_type=\"widget\" data-widget_type=\"icon-list.default\">\n\t\t\t\t<div class=\"elementor-widget-container\">\n\t\t\t\t\t\t\t<ul class=\"elementor-icon-list-items\">\n\t\t\t\t\t\t\t<li class=\"elementor-icon-list-item\">\n\t\t\t\t\t\t\t\t\t\t\t<a href=\"mailto:gabriel.korzeniowski@zhp.net.pl\">\n\n\t\t\t\t\t\t\t\t\t\t\t\t<span class=\"elementor-icon-list-icon\">\n\t\t\t\t\t\t\t<i aria-hidden=\"true\" class=\"far fa-envelope\"><\/i>\t\t\t\t\t\t<\/span>\n\t\t\t\t\t\t\t\t\t\t<span class=\"elementor-icon-list-text\">gabriel.korzeniowski@zhp.net.pl<\/span>\n\t\t\t\t\t\t\t\t\t\t\t<\/a>\n\t\t\t\t\t\t\t\t\t<\/li>\n\t\t\t\t\t\t\t\t<li class=\"elementor-icon-list-item\">\n\t\t\t\t\t\t\t\t\t\t\t<a href=\"tel:669191544\">\n\n\t\t\t\t\t\t\t\t\t\t\t\t<span class=\"elementor-icon-list-icon\">\n\t\t\t\t\t\t\t<i aria-hidden=\"true\" class=\"fas fa-phone-alt\"><\/i>\t\t\t\t\t\t<\/span>\n\t\t\t\t\t\t\t\t\t\t<span class=\"elementor-icon-list-text\">+48 669 191 544<\/span>\n\t\t\t\t\t\t\t\t\t\t\t<\/a>\n\t\t\t\t\t\t\t\t\t<\/li>\n\t\t\t\t\t\t<\/ul>\n\t\t\t\t\t\t<\/div>\n\t\t\t\t<\/div>\n\t\t\t\t\t<\/div>\n\t\t\t\t<\/div>\n\t\t<div class=\"elementor-element elementor-element-2ab8992 e-flex e-con-boxed e-con e-child\" data-id=\"2ab8992\" data-element_type=\"container\">\n\t\t\t\t\t<div class=\"e-con-inner\">\n\t\t\t\t<div class=\"elementor-element elementor-element-33c5d85 elementor-widget elementor-widget-image\" data-id=\"33c5d85\" data-element_type=\"widget\" data-widget_type=\"image.default\">\n\t\t\t\t<div class=\"elementor-widget-container\">\n\t\t\t\t\t\t\t\t\t\t\t\t\t\t\t<img loading=\"lazy\" decoding=\"async\" width=\"800\" height=\"746\" src=\"https:\/\/twierdza.gliwice.zhp.pl\/wp-content\/uploads\/2023\/11\/lukarna-normalne-scaled-e1699014346352-1024x955.jpg\" class=\"attachment-large size-large wp-image-271\" alt=\"\" srcset=\"https:\/\/twierdza.gliwice.zhp.pl\/wp-content\/uploads\/2023\/11\/lukarna-normalne-scaled-e1699014346352-1024x955.jpg 1024w, https:\/\/twierdza.gliwice.zhp.pl\/wp-content\/uploads\/2023\/11\/lukarna-normalne-scaled-e1699014346352-300x280.jpg 300w, https:\/\/twierdza.gliwice.zhp.pl\/wp-content\/uploads\/2023\/11\/lukarna-normalne-scaled-e1699014346352-768x716.jpg 768w, https:\/\/twierdza.gliwice.zhp.pl\/wp-content\/uploads\/2023\/11\/lukarna-normalne-scaled-e1699014346352-1536x1432.jpg 1536w, https:\/\/twierdza.gliwice.zhp.pl\/wp-content\/uploads\/2023\/11\/lukarna-normalne-scaled-e1699014346352.jpg 1830w\" sizes=\"(max-width: 800px) 100vw, 800px\" \/>\t\t\t\t\t\t\t\t\t\t\t\t\t\t\t<\/div>\n\t\t\t\t<\/div>\n\t\t\t\t\t<\/div>\n\t\t\t\t<\/div>\n\t\t\t\t<\/div>\n\t\t<div class=\"elementor-element elementor-element-9d892cd e-con-full e-flex e-con e-child\" data-id=\"9d892cd\" data-element_type=\"container\" data-settings=\"{&quot;background_background&quot;:&quot;classic&quot;}\">\n\t\t<div class=\"elementor-element elementor-element-40076d9 e-flex e-con-boxed e-con e-child\" data-id=\"40076d9\" data-element_type=\"container\">\n\t\t\t\t\t<div class=\"e-con-inner\">\n\t\t\t\t<div class=\"elementor-element elementor-element-556ebf1 elementor-widget elementor-widget-image\" data-id=\"556ebf1\" data-element_type=\"widget\" data-widget_type=\"image.default\">\n\t\t\t\t<div class=\"elementor-widget-container\">\n\t\t\t\t\t\t\t\t\t\t\t\t\t\t\t<img loading=\"lazy\" decoding=\"async\" width=\"800\" height=\"694\" src=\"https:\/\/twierdza.gliwice.zhp.pl\/wp-content\/uploads\/2023\/11\/DSC02734-e1699014157663-1024x888.jpg\" class=\"attachment-large size-large wp-image-267\" alt=\"\" srcset=\"https:\/\/twierdza.gliwice.zhp.pl\/wp-content\/uploads\/2023\/11\/DSC02734-e1699014157663-1024x888.jpg 1024w, https:\/\/twierdza.gliwice.zhp.pl\/wp-content\/uploads\/2023\/11\/DSC02734-e1699014157663-300x260.jpg 300w, https:\/\/twierdza.gliwice.zhp.pl\/wp-content\/uploads\/2023\/11\/DSC02734-e1699014157663-768x666.jpg 768w, https:\/\/twierdza.gliwice.zhp.pl\/wp-content\/uploads\/2023\/11\/DSC02734-e1699014157663-1536x1332.jpg 1536w, https:\/\/twierdza.gliwice.zhp.pl\/wp-content\/uploads\/2023\/11\/DSC02734-e1699014157663.jpg 1753w\" sizes=\"(max-width: 800px) 100vw, 800px\" \/>\t\t\t\t\t\t\t\t\t\t\t\t\t\t\t<\/div>\n\t\t\t\t<\/div>\n\t\t\t\t\t<\/div>\n\t\t\t\t<\/div>\n\t\t<div class=\"elementor-element elementor-element-e8530bf e-flex e-con-boxed e-con e-child\" data-id=\"e8530bf\" data-element_type=\"container\">\n\t\t\t\t\t<div class=\"e-con-inner\">\n\t\t\t\t<div class=\"elementor-element elementor-element-61ab9bb elementor-widget elementor-widget-heading\" data-id=\"61ab9bb\" data-element_type=\"widget\" data-widget_type=\"heading.default\">\n\t\t\t\t<div class=\"elementor-widget-container\">\n\t\t\t\t\t<h2 class=\"elementor-heading-title elementor-size-default\">9 GDW Maszkaron<\/h2>\t\t\t\t<\/div>\n\t\t\t\t<\/div>\n\t\t\t\t<div class=\"elementor-element elementor-element-99946c2 elementor-widget elementor-widget-text-editor\" data-id=\"99946c2\" data-element_type=\"widget\" data-widget_type=\"text-editor.default\">\n\t\t\t\t<div class=\"elementor-widget-container\">\n\t\t\t\t\t\t\t\t\t<p>Nasza dru\u017cyna w\u0119drownicza zrzesza m\u0142odzie\u017c w wieku <strong>15-21 lat. <\/strong>Na spotkaniach i wyjazdach w\u0119drownicy nawi\u0105zuj\u0105 wiele nowych przyja\u017ani, poznaj\u0105 \u015bwiat przygotowuj\u0105 si\u0119 do \u015bwiadomego \u017cycia w spo\u0142ecze\u0144stwie, stawiaj\u0105 sobie wyzwania i rozwijaj\u0105 pasje.<\/p>\t\t\t\t\t\t\t\t<\/div>\n\t\t\t\t<\/div>\n\t\t\t\t<div class=\"elementor-element elementor-element-4cdc24b elementor-icon-list--layout-traditional elementor-list-item-link-full_width elementor-widget elementor-widget-icon-list\" data-id=\"4cdc24b\" data-element_type=\"widget\" data-widget_type=\"icon-list.default\">\n\t\t\t\t<div class=\"elementor-widget-container\">\n\t\t\t\t\t\t\t<ul class=\"elementor-icon-list-items\">\n\t\t\t\t\t\t\t<li class=\"elementor-icon-list-item\">\n\t\t\t\t\t\t\t\t\t\t\t<span class=\"elementor-icon-list-icon\">\n\t\t\t\t\t\t\t<i aria-hidden=\"true\" class=\"far fa-calendar-check\"><\/i>\t\t\t\t\t\t<\/span>\n\t\t\t\t\t\t\t\t\t\t<span class=\"elementor-icon-list-text\">Min. 2x w miesi\u0105cu, daty ustalane na bie\u017c\u0105co<\/span>\n\t\t\t\t\t\t\t\t\t<\/li>\n\t\t\t\t\t\t\t\t<li class=\"elementor-icon-list-item\">\n\t\t\t\t\t\t\t\t\t\t\t<span class=\"elementor-icon-list-icon\">\n\t\t\t\t\t\t\t<i aria-hidden=\"true\" class=\"fas fa-map-pin\"><\/i>\t\t\t\t\t\t<\/span>\n\t\t\t\t\t\t\t\t\t\t<span class=\"elementor-icon-list-text\">Gliwice, zazwyczaj Lokal Hufca ZHP Ziemi Gliwickiej, al. Przyja\u017ani 9<\/span>\n\t\t\t\t\t\t\t\t\t<\/li>\n\t\t\t\t\t\t\t\t<li class=\"elementor-icon-list-item\">\n\t\t\t\t\t\t\t\t\t\t\t<span class=\"elementor-icon-list-icon\">\n\t\t\t\t\t\t\t<i aria-hidden=\"true\" class=\"fas fa-child\"><\/i>\t\t\t\t\t\t<\/span>\n\t\t\t\t\t\t\t\t\t\t<span class=\"elementor-icon-list-text\">Dla m\u0142odzie\u017cy wieku <b>15-21 lat<\/b><\/span>\n\t\t\t\t\t\t\t\t\t<\/li>\n\t\t\t\t\t\t<\/ul>\n\t\t\t\t\t\t<\/div>\n\t\t\t\t<\/div>\n\t\t\t\t<div class=\"elementor-element elementor-element-443f258 elementor-widget elementor-widget-text-editor\" data-id=\"443f258\" data-element_type=\"widget\" data-widget_type=\"text-editor.default\">\n\t\t\t\t<div class=\"elementor-widget-container\">\n\t\t\t\t\t\t\t\t\t<p><b>Dru\u017cynowy:\u00a0<\/b>HO Bart\u0142omiej Buk<\/p>\t\t\t\t\t\t\t\t<\/div>\n\t\t\t\t<\/div>\n\t\t\t\t<div class=\"elementor-element elementor-element-6fd1e4c elementor-icon-list--layout-traditional elementor-list-item-link-full_width elementor-widget elementor-widget-icon-list\" data-id=\"6fd1e4c\" data-element_type=\"widget\" data-widget_type=\"icon-list.default\">\n\t\t\t\t<div class=\"elementor-widget-container\">\n\t\t\t\t\t\t\t<ul class=\"elementor-icon-list-items\">\n\t\t\t\t\t\t\t<li class=\"elementor-icon-list-item\">\n\t\t\t\t\t\t\t\t\t\t\t<a href=\"mailto:bartlomiej.buk@zhp.net.pl\">\n\n\t\t\t\t\t\t\t\t\t\t\t\t<span class=\"elementor-icon-list-icon\">\n\t\t\t\t\t\t\t<i aria-hidden=\"true\" class=\"far fa-envelope\"><\/i>\t\t\t\t\t\t<\/span>\n\t\t\t\t\t\t\t\t\t\t<span class=\"elementor-icon-list-text\">bartlomiej.buk@zhp.net.pl<\/span>\n\t\t\t\t\t\t\t\t\t\t\t<\/a>\n\t\t\t\t\t\t\t\t\t<\/li>\n\t\t\t\t\t\t\t\t<li class=\"elementor-icon-list-item\">\n\t\t\t\t\t\t\t\t\t\t\t<a href=\"tel:512988198\">\n\n\t\t\t\t\t\t\t\t\t\t\t\t<span class=\"elementor-icon-list-icon\">\n\t\t\t\t\t\t\t<i aria-hidden=\"true\" class=\"fas fa-phone-alt\"><\/i>\t\t\t\t\t\t<\/span>\n\t\t\t\t\t\t\t\t\t\t<span class=\"elementor-icon-list-text\">+48 512 988 198<\/span>\n\t\t\t\t\t\t\t\t\t\t\t<\/a>\n\t\t\t\t\t\t\t\t\t<\/li>\n\t\t\t\t\t\t<\/ul>\n\t\t\t\t\t\t<\/div>\n\t\t\t\t<\/div>\n\t\t\t\t\t<\/div>\n\t\t\t\t<\/div>\n\t\t\t\t<\/div>\n\t\t\t\t\t<\/div>\n\t\t\t\t<\/div>\n\t\t<div class=\"elementor-element elementor-element-6b5ab46 e-con-full e-flex e-con e-parent\" data-id=\"6b5ab46\" data-element_type=\"container\" data-settings=\"{&quot;background_background&quot;:&quot;classic&quot;}\">\n\t\t\t\t<div class=\"elementor-element elementor-element-0293ecb elementor-widget elementor-widget-text-editor\" data-id=\"0293ecb\" data-element_type=\"widget\" data-widget_type=\"text-editor.default\">\n\t\t\t\t<div class=\"elementor-widget-container\">\n\t\t\t\t\t\t\t\t\t<p>Gliwicki Szczep Twierdza &#8211; 2023-2025 \u00a9 Wszelkie prawa zastrze\u017cone<\/p>\t\t\t\t\t\t\t\t<\/div>\n\t\t\t\t<\/div>\n\t\t\t\t<\/div>\n\t\t\t\t<\/div>\n\t\t","protected":false},"excerpt":{"rendered":"<p>Zosta\u0144 harcerzem Aktualno\u015bci Kontakt Aktualno\u015bci Zosta\u0144 harcerzem Kontakt Kilka s\u0142\u00f3w o nas Jeste\u015bmy szczepem harcerskim Zwi\u0105zku Harcerstwa Polskiego dzia\u0142aj\u0105cym na terenie Gliwic i podlegaj\u0105cym pod Hufiec Ziemi Gliwickiej. W naszych jednostkach zrzeszamy dzieci i m\u0142odzie\u017c w wieku od 7 do 21 roku \u017cycia. Zazwyczaj spotykamy si\u0119 raz w tygodniu na zbi\u00f3rkach, a par\u0119 razy w [&hellip;]<\/p>\n","protected":false},"author":1,"featured_media":0,"parent":0,"menu_order":4,"comment_status":"closed","ping_status":"closed","template":"","meta":{"inline_featured_image":false,"footnotes":""},"class_list":["post-56","page","type-page","status-publish","hentry"],"yoast_head":"<!-- This site is optimized with the Yoast SEO plugin v25.9 - https:\/\/yoast.com\/wordpress\/plugins\/seo\/ -->\n<title>Zosta\u0144 harcerzem! - Gliwicki Szczep Twierdza<\/title>\n<meta name=\"robots\" content=\"index, follow, max-snippet:-1, max-image-preview:large, max-video-preview:-1\" \/>\n<link rel=\"canonical\" href=\"https:\/\/twierdza.gliwice.zhp.pl\/\" \/>\n<meta property=\"og:locale\" content=\"pl_PL\" \/>\n<meta property=\"og:type\" content=\"article\" \/>\n<meta property=\"og:title\" content=\"Zosta\u0144 harcerzem! - Gliwicki Szczep Twierdza\" \/>\n<meta property=\"og:description\" content=\"Zosta\u0144 harcerzem Aktualno\u015bci Kontakt Aktualno\u015bci Zosta\u0144 harcerzem Kontakt Kilka s\u0142\u00f3w o nas Jeste\u015bmy szczepem harcerskim Zwi\u0105zku Harcerstwa Polskiego dzia\u0142aj\u0105cym na terenie Gliwic i podlegaj\u0105cym pod Hufiec Ziemi Gliwickiej. W naszych jednostkach zrzeszamy dzieci i m\u0142odzie\u017c w wieku od 7 do 21 roku \u017cycia. Zazwyczaj spotykamy si\u0119 raz w tygodniu na zbi\u00f3rkach, a par\u0119 razy w [&hellip;]\" \/>\n<meta property=\"og:url\" content=\"https:\/\/twierdza.gliwice.zhp.pl\/\" \/>\n<meta property=\"og:site_name\" content=\"Gliwicki Szczep Twierdza\" \/>\n<meta property=\"article:modified_time\" content=\"2025-09-18T18:53:44+00:00\" \/>\n<meta property=\"og:image\" content=\"https:\/\/twierdza.gliwice.zhp.pl\/wp-content\/uploads\/2023\/11\/logo-twierdza-white.png\" \/>\n\t<meta property=\"og:image:width\" content=\"7247\" \/>\n\t<meta property=\"og:image:height\" content=\"2119\" \/>\n\t<meta property=\"og:image:type\" content=\"image\/png\" \/>\n<meta name=\"twitter:card\" content=\"summary_large_image\" \/>\n<meta name=\"twitter:label1\" content=\"Szacowany czas czytania\" \/>\n\t<meta name=\"twitter:data1\" content=\"5 minut\" \/>\n<script type=\"application\/ld+json\" class=\"yoast-schema-graph\">{\"@context\":\"https:\/\/schema.org\",\"@graph\":[{\"@type\":\"WebPage\",\"@id\":\"https:\/\/twierdza.gliwice.zhp.pl\/\",\"url\":\"https:\/\/twierdza.gliwice.zhp.pl\/\",\"name\":\"Zosta\u0144 harcerzem! - Gliwicki Szczep Twierdza\",\"isPartOf\":{\"@id\":\"https:\/\/twierdza.gliwice.zhp.pl\/#website\"},\"primaryImageOfPage\":{\"@id\":\"https:\/\/twierdza.gliwice.zhp.pl\/#primaryimage\"},\"image\":{\"@id\":\"https:\/\/twierdza.gliwice.zhp.pl\/#primaryimage\"},\"thumbnailUrl\":\"https:\/\/twierdza.gliwice.zhp.pl\/wp-content\/uploads\/2023\/11\/logo-twierdza-white-1024x299.png\",\"datePublished\":\"2023-01-25T18:31:22+00:00\",\"dateModified\":\"2025-09-18T18:53:44+00:00\",\"breadcrumb\":{\"@id\":\"https:\/\/twierdza.gliwice.zhp.pl\/#breadcrumb\"},\"inLanguage\":\"pl-PL\",\"potentialAction\":[{\"@type\":\"ReadAction\",\"target\":[\"https:\/\/twierdza.gliwice.zhp.pl\/\"]}]},{\"@type\":\"ImageObject\",\"inLanguage\":\"pl-PL\",\"@id\":\"https:\/\/twierdza.gliwice.zhp.pl\/#primaryimage\",\"url\":\"https:\/\/twierdza.gliwice.zhp.pl\/wp-content\/uploads\/2023\/11\/logo-twierdza-white.png\",\"contentUrl\":\"https:\/\/twierdza.gliwice.zhp.pl\/wp-content\/uploads\/2023\/11\/logo-twierdza-white.png\",\"width\":7247,\"height\":2119},{\"@type\":\"BreadcrumbList\",\"@id\":\"https:\/\/twierdza.gliwice.zhp.pl\/#breadcrumb\",\"itemListElement\":[{\"@type\":\"ListItem\",\"position\":1,\"name\":\"Strona g\u0142\u00f3wna\",\"item\":\"https:\/\/twierdza.gliwice.zhp.pl\/\"},{\"@type\":\"ListItem\",\"position\":2,\"name\":\"Zosta\u0144 harcerzem!\"}]},{\"@type\":\"WebSite\",\"@id\":\"https:\/\/twierdza.gliwice.zhp.pl\/#website\",\"url\":\"https:\/\/twierdza.gliwice.zhp.pl\/\",\"name\":\"Gliwicki Szczep Twierdza\",\"description\":\"Gliwicki Szczep Twierdza to jednostka dzia\u0142aj\u0105ca przy Hufcu ZHP Ziemi Gliwickiej, kt\u00f3ra zrzesza gromad\u0119 i dru\u017cyny z centrum Gliwic.\",\"publisher\":{\"@id\":\"https:\/\/twierdza.gliwice.zhp.pl\/#organization\"},\"potentialAction\":[{\"@type\":\"SearchAction\",\"target\":{\"@type\":\"EntryPoint\",\"urlTemplate\":\"https:\/\/twierdza.gliwice.zhp.pl\/?s={search_term_string}\"},\"query-input\":{\"@type\":\"PropertyValueSpecification\",\"valueRequired\":true,\"valueName\":\"search_term_string\"}}],\"inLanguage\":\"pl-PL\"},{\"@type\":\"Organization\",\"@id\":\"https:\/\/twierdza.gliwice.zhp.pl\/#organization\",\"name\":\"Gliwicki Szczep Twierdza\",\"url\":\"https:\/\/twierdza.gliwice.zhp.pl\/\",\"logo\":{\"@type\":\"ImageObject\",\"inLanguage\":\"pl-PL\",\"@id\":\"https:\/\/twierdza.gliwice.zhp.pl\/#\/schema\/logo\/image\/\",\"url\":\"https:\/\/twierdza.gliwice.zhp.pl\/wp-content\/uploads\/2023\/11\/logo-twierdza-white.png\",\"contentUrl\":\"https:\/\/twierdza.gliwice.zhp.pl\/wp-content\/uploads\/2023\/11\/logo-twierdza-white.png\",\"width\":7247,\"height\":2119,\"caption\":\"Gliwicki Szczep Twierdza\"},\"image\":{\"@id\":\"https:\/\/twierdza.gliwice.zhp.pl\/#\/schema\/logo\/image\/\"}}]}<\/script>\n<!-- \/ Yoast SEO plugin. -->","yoast_head_json":{"title":"Zosta\u0144 harcerzem! - Gliwicki Szczep Twierdza","robots":{"index":"index","follow":"follow","max-snippet":"max-snippet:-1","max-image-preview":"max-image-preview:large","max-video-preview":"max-video-preview:-1"},"canonical":"https:\/\/twierdza.gliwice.zhp.pl\/","og_locale":"pl_PL","og_type":"article","og_title":"Zosta\u0144 harcerzem! - Gliwicki Szczep Twierdza","og_description":"Zosta\u0144 harcerzem Aktualno\u015bci Kontakt Aktualno\u015bci Zosta\u0144 harcerzem Kontakt Kilka s\u0142\u00f3w o nas Jeste\u015bmy szczepem harcerskim Zwi\u0105zku Harcerstwa Polskiego dzia\u0142aj\u0105cym na terenie Gliwic i podlegaj\u0105cym pod Hufiec Ziemi Gliwickiej. W naszych jednostkach zrzeszamy dzieci i m\u0142odzie\u017c w wieku od 7 do 21 roku \u017cycia. Zazwyczaj spotykamy si\u0119 raz w tygodniu na zbi\u00f3rkach, a par\u0119 razy w [&hellip;]","og_url":"https:\/\/twierdza.gliwice.zhp.pl\/","og_site_name":"Gliwicki Szczep Twierdza","article_modified_time":"2025-09-18T18:53:44+00:00","og_image":[{"width":7247,"height":2119,"url":"https:\/\/twierdza.gliwice.zhp.pl\/wp-content\/uploads\/2023\/11\/logo-twierdza-white.png","type":"image\/png"}],"twitter_card":"summary_large_image","twitter_misc":{"Szacowany czas czytania":"5 minut"},"schema":{"@context":"https:\/\/schema.org","@graph":[{"@type":"WebPage","@id":"https:\/\/twierdza.gliwice.zhp.pl\/","url":"https:\/\/twierdza.gliwice.zhp.pl\/","name":"Zosta\u0144 harcerzem! - Gliwicki Szczep Twierdza","isPartOf":{"@id":"https:\/\/twierdza.gliwice.zhp.pl\/#website"},"primaryImageOfPage":{"@id":"https:\/\/twierdza.gliwice.zhp.pl\/#primaryimage"},"image":{"@id":"https:\/\/twierdza.gliwice.zhp.pl\/#primaryimage"},"thumbnailUrl":"https:\/\/twierdza.gliwice.zhp.pl\/wp-content\/uploads\/2023\/11\/logo-twierdza-white-1024x299.png","datePublished":"2023-01-25T18:31:22+00:00","dateModified":"2025-09-18T18:53:44+00:00","breadcrumb":{"@id":"https:\/\/twierdza.gliwice.zhp.pl\/#breadcrumb"},"inLanguage":"pl-PL","potentialAction":[{"@type":"ReadAction","target":["https:\/\/twierdza.gliwice.zhp.pl\/"]}]},{"@type":"ImageObject","inLanguage":"pl-PL","@id":"https:\/\/twierdza.gliwice.zhp.pl\/#primaryimage","url":"https:\/\/twierdza.gliwice.zhp.pl\/wp-content\/uploads\/2023\/11\/logo-twierdza-white.png","contentUrl":"https:\/\/twierdza.gliwice.zhp.pl\/wp-content\/uploads\/2023\/11\/logo-twierdza-white.png","width":7247,"height":2119},{"@type":"BreadcrumbList","@id":"https:\/\/twierdza.gliwice.zhp.pl\/#breadcrumb","itemListElement":[{"@type":"ListItem","position":1,"name":"Strona g\u0142\u00f3wna","item":"https:\/\/twierdza.gliwice.zhp.pl\/"},{"@type":"ListItem","position":2,"name":"Zosta\u0144 harcerzem!"}]},{"@type":"WebSite","@id":"https:\/\/twierdza.gliwice.zhp.pl\/#website","url":"https:\/\/twierdza.gliwice.zhp.pl\/","name":"Gliwicki Szczep Twierdza","description":"Gliwicki Szczep Twierdza to jednostka dzia\u0142aj\u0105ca przy Hufcu ZHP Ziemi Gliwickiej, kt\u00f3ra zrzesza gromad\u0119 i dru\u017cyny z centrum Gliwic.","publisher":{"@id":"https:\/\/twierdza.gliwice.zhp.pl\/#organization"},"potentialAction":[{"@type":"SearchAction","target":{"@type":"EntryPoint","urlTemplate":"https:\/\/twierdza.gliwice.zhp.pl\/?s={search_term_string}"},"query-input":{"@type":"PropertyValueSpecification","valueRequired":true,"valueName":"search_term_string"}}],"inLanguage":"pl-PL"},{"@type":"Organization","@id":"https:\/\/twierdza.gliwice.zhp.pl\/#organization","name":"Gliwicki Szczep Twierdza","url":"https:\/\/twierdza.gliwice.zhp.pl\/","logo":{"@type":"ImageObject","inLanguage":"pl-PL","@id":"https:\/\/twierdza.gliwice.zhp.pl\/#\/schema\/logo\/image\/","url":"https:\/\/twierdza.gliwice.zhp.pl\/wp-content\/uploads\/2023\/11\/logo-twierdza-white.png","contentUrl":"https:\/\/twierdza.gliwice.zhp.pl\/wp-content\/uploads\/2023\/11\/logo-twierdza-white.png","width":7247,"height":2119,"caption":"Gliwicki Szczep Twierdza"},"image":{"@id":"https:\/\/twierdza.gliwice.zhp.pl\/#\/schema\/logo\/image\/"}}]}},"_links":{"self":[{"href":"https:\/\/twierdza.gliwice.zhp.pl\/index.php\/wp-json\/wp\/v2\/pages\/56","targetHints":{"allow":["GET"]}}],"collection":[{"href":"https:\/\/twierdza.gliwice.zhp.pl\/index.php\/wp-json\/wp\/v2\/pages"}],"about":[{"href":"https:\/\/twierdza.gliwice.zhp.pl\/index.php\/wp-json\/wp\/v2\/types\/page"}],"author":[{"embeddable":true,"href":"https:\/\/twierdza.gliwice.zhp.pl\/index.php\/wp-json\/wp\/v2\/users\/1"}],"replies":[{"embeddable":true,"href":"https:\/\/twierdza.gliwice.zhp.pl\/index.php\/wp-json\/wp\/v2\/comments?post=56"}],"version-history":[{"count":193,"href":"https:\/\/twierdza.gliwice.zhp.pl\/index.php\/wp-json\/wp\/v2\/pages\/56\/revisions"}],"predecessor-version":[{"id":1146,"href":"https:\/\/twierdza.gliwice.zhp.pl\/index.php\/wp-json\/wp\/v2\/pages\/56\/revisions\/1146"}],"wp:attachment":[{"href":"https:\/\/twierdza.gliwice.zhp.pl\/index.php\/wp-json\/wp\/v2\/media?parent=56"}],"curies":[{"name":"wp","href":"https:\/\/api.w.org\/{rel}","templated":true}]}}